{"id":2492,"date":"2023-04-24T04:43:23","date_gmt":"2023-04-24T04:43:23","guid":{"rendered":"https:\/\/cozystay.loftocean.com\/mountain-hotel\/?page_id=7"},"modified":"2026-03-15T22:32:25","modified_gmt":"2026-03-15T22:32:25","slug":"accomodations-in-zermatt","status":"publish","type":"page","link":"https:\/\/stay-zermatt.ch\/de\/","title":{"rendered":"\u00dcbernachtungen in Zermatt"},"content":{"rendered":"<div data-elementor-type=\"wp-page\" data-elementor-id=\"2492\" class=\"elementor elementor-2492\">\n\t\t\t\t\t\t<section class=\"elementor-section elementor-top-section elementor-element elementor-element-7d6204b cs-section-content-fullwidth elementor-section-boxed elementor-section-height-default elementor-section-height-default\" data-id=\"7d6204b\" data-element_type=\"section\" data-e-type=\"section\" data-settings=\"{&quot;background_background&quot;:&quot;classic&quot;}\">\n\t\t\t\t\t\t\t<div class=\"elementor-background-overlay\"><\/div>\n\t\t\t\t\t\t\t<div class=\"elementor-container elementor-column-gap-no\">\n\t\t\t\t\t<div class=\"elementor-column elementor-col-100 elementor-top-column elementor-element elementor-element-abafdcd\" data-id=\"abafdcd\" data-element_type=\"column\" data-e-type=\"column\">\n\t\t\t<div class=\"elementor-widget-wrap elementor-element-populated\">\n\t\t\t\t\t\t<div class=\"elementor-element elementor-element-39f1bdb elementor-widget elementor-widget-cs_title\" data-id=\"39f1bdb\" data-element_type=\"widget\" data-e-type=\"widget\" data-widget_type=\"cs_title.default\">\n\t\t\t\t<div class=\"elementor-widget-container\">\n\t\t\t\t\t\n        <div class=\"cs-title-wrap text-center\">\t            <div class=\"cs-subtitle-wrap\"><span class=\"cs-subtitle\">Ihre Traumferien in den Schweizer Alpen<\/span><\/div>\t            <h1 class=\"cs-title\">\n\t                Unsere Unterk\u00fcnfte in Zermatt\t            <\/h1>\t            <div class=\"cs-title-text\">\n\t                <p class=\"translation-block\">Wenn Sie auf der Suche nach einem unvergesslichen Urlaub in den Schweizer Bergen sind, ist eine Unterkunft in Zermatt der perfekte Ausgangspunkt. <span style=\"color: var(--content-color);font-size: var(--post-text-size);font-family: var(--body-font)\">Mit seinen charmanten Stra\u00dfen, Weltklasse-Ski und k\u00f6stlichen Restaurants ist Zermatt das perfekte Reiseziel f\u00fcr Abenteurer und Erholungssuchende gleicherma\u00dfen. <\/span><span style=\"font-size: inherit;color: var(--content-color);font-family: var(--body-font)\">Mit unserer Auswahl an Unterkunftsm\u00f6glichkeiten bieten wir Ihnen alles, was Sie f\u00fcr einen unvergesslichen Aufenthalt ben\u00f6tigen. Ob Sie ein romantisches Wochenende, einen Familienurlaub oder einen Abenteuertrip mit Freunden planen, bei uns finden Sie das ideale Angebot! Machen Sie sich bereit, <\/span><span style=\"color: var(--content-color);font-size: var(--post-text-size);font-family: var(--body-font)\">die besten Pl\u00e4tze in diesem atemberaubenden Bergparadies zu erkunden, damit Ihr Besuch so unvergesslich wird wie die Aussicht, die Sie umgibt.<\/span><\/p>\t            <\/div>        <\/div>\t\t\t\t<\/div>\n\t\t\t\t<\/div>\n\t\t\t\t\t<\/div>\n\t\t<\/div>\n\t\t\t\t\t<\/div>\n\t\t<\/section>\n\t\t\t\t<section class=\"elementor-section elementor-top-section elementor-element elementor-element-591c2a9 cs-section-content-fullwidth elementor-section-boxed elementor-section-height-default elementor-section-height-default\" data-id=\"591c2a9\" data-element_type=\"section\" data-e-type=\"section\" data-settings=\"{&quot;background_background&quot;:&quot;classic&quot;}\">\n\t\t\t\t\t\t<div class=\"elementor-container elementor-column-gap-default\">\n\t\t\t\t\t<div class=\"elementor-column elementor-col-33 elementor-top-column elementor-element elementor-element-b912172 dark-color cs-animation-medium-offset elementor-invisible\" data-id=\"b912172\" data-element_type=\"column\" data-e-type=\"column\" data-settings=\"{&quot;background_background&quot;:&quot;classic&quot;,&quot;animation&quot;:&quot;fadeInUp&quot;}\">\n\t\t\t<div class=\"elementor-widget-wrap elementor-element-populated\">\n\t\t\t\t\t<div class=\"elementor-background-overlay\"><\/div>\n\t\t\t\t\t\t<div class=\"elementor-element elementor-element-253caa0 animated-fast cs-animation-medium-offset elementor-invisible elementor-widget elementor-widget-cs_call_to_action\" data-id=\"253caa0\" data-element_type=\"widget\" data-e-type=\"widget\" data-settings=\"{&quot;_animation_delay&quot;:200,&quot;_animation&quot;:&quot;fadeInUp&quot;,&quot;_animation_mobile&quot;:&quot;fadeInUp&quot;}\" data-widget_type=\"cs_call_to_action.default\">\n\t\t\t\t<div class=\"elementor-widget-container\">\n\t\t\t\t\t\n\t\t<div class=\"cs-cta cta-layout-text-normal img-offset-border text-center text-center-mobile cta-hover-img-zoom\">\n            <div class=\"cs-cta-wrap\">\t\t                <div class=\"cs-cta-img-wrap\">\n\t\t\t\t\t        <div class=\"cs-cta-img\">\n\t\t\t\t\t            <img fetchpriority=\"high\" decoding=\"async\" width=\"1829\" height=\"2560\" src=\"https:\/\/stay-zermatt.ch\/wp-content\/uploads\/2024\/10\/Chalet-Turquino-Zermatt-scaled.jpg\" class=\"attachment-full size-full wp-image-2681\" alt=\"Stay Zermatt \u2013 Chalet accommodation in Zermatt with Matterhorn mountain view\" srcset=\"https:\/\/stay-zermatt.ch\/wp-content\/uploads\/2024\/10\/Chalet-Turquino-Zermatt-scaled.jpg 1829w, https:\/\/stay-zermatt.ch\/wp-content\/uploads\/2024\/10\/Chalet-Turquino-Zermatt-scaled-107x150.jpg 107w, https:\/\/stay-zermatt.ch\/wp-content\/uploads\/2024\/10\/Chalet-Turquino-Zermatt-600x840.jpg 600w, https:\/\/stay-zermatt.ch\/wp-content\/uploads\/2024\/10\/Chalet-Turquino-Zermatt-214x300.jpg 214w, https:\/\/stay-zermatt.ch\/wp-content\/uploads\/2024\/10\/Chalet-Turquino-Zermatt-731x1024.jpg 731w, https:\/\/stay-zermatt.ch\/wp-content\/uploads\/2024\/10\/Chalet-Turquino-Zermatt-768x1075.jpg 768w, https:\/\/stay-zermatt.ch\/wp-content\/uploads\/2024\/10\/Chalet-Turquino-Zermatt-1097x1536.jpg 1097w, https:\/\/stay-zermatt.ch\/wp-content\/uploads\/2024\/10\/Chalet-Turquino-Zermatt-1463x2048.jpg 1463w, https:\/\/stay-zermatt.ch\/wp-content\/uploads\/2024\/10\/Chalet-Turquino-Zermatt-1920x2688.jpg 1920w, https:\/\/stay-zermatt.ch\/wp-content\/uploads\/2024\/10\/Chalet-Turquino-Zermatt-1440x2016.jpg 1440w, https:\/\/stay-zermatt.ch\/wp-content\/uploads\/2024\/10\/Chalet-Turquino-Zermatt-1200x1680.jpg 1200w, https:\/\/stay-zermatt.ch\/wp-content\/uploads\/2024\/10\/Chalet-Turquino-Zermatt-780x1092.jpg 780w, https:\/\/stay-zermatt.ch\/wp-content\/uploads\/2024\/10\/Chalet-Turquino-Zermatt-550x770.jpg 550w, https:\/\/stay-zermatt.ch\/wp-content\/uploads\/2024\/10\/Chalet-Turquino-Zermatt-370x518.jpg 370w, https:\/\/stay-zermatt.ch\/wp-content\/uploads\/2024\/10\/Chalet-Turquino-Zermatt-255x357.jpg 255w\" sizes=\"(max-width: 1829px) 100vw, 1829px\" \/>\t\t\t\t\t        <\/div>\n\t\t\t\t\t        <div class=\"cs-offset-border\"><\/div>\n\t\t\t\t\t\t<\/div>                <div class=\"cs-cta-overlay\"><\/div>\n                <div class=\"cs-cta-content\">\t\t\t\t\t<div class=\"cs-subtitle-wrap\"><span class=\"cs-subtitle\">Traditionelles Chalet<\/span><\/div>\t\t            <h2 class=\"cs-cta-title cs-title color-black\">\n\t\t                Chalet Turquino\t\t            <\/h2>\t\t            <div class=\"cs-cta-text color-black\">\n\t\t                <p>Ein authentisches, rustikales Chalet, bietet 2 Wohnungen mit typischer Schweizer Architektur und Inneneinrichtung.<\/p>\t\t            <\/div>\t\t\t<\/div>                <a class=\"cs-cta-link\" href=\"https:\/\/turquino-zermatt.ch\/en\/\" target=\"_blank\" aria-label=\"Aufruf zum Handeln Link\"><\/a>            <\/div>\n        <\/div>\t\t\t\t<\/div>\n\t\t\t\t<\/div>\n\t\t\t\t<div class=\"elementor-element elementor-element-defdc55 elementor-align-center elementor-widget elementor-widget-cs_button\" data-id=\"defdc55\" data-element_type=\"widget\" data-e-type=\"widget\" data-widget_type=\"cs_button.default\">\n\t\t\t\t<div class=\"elementor-widget-container\">\n\t\t\t\t\t        <a href=\"https:\/\/turquino-zermatt.ch\" target=\"_blank\" class=\"elementor-button-link button cs-btn-small\" role=\"button\">\n            <span class=\"cs-btn-text\">Mehr entdecken<\/span>        <\/a>\t\t\t\t<\/div>\n\t\t\t\t<\/div>\n\t\t\t\t<div class=\"elementor-element elementor-element-cfbeda2 elementor-widget elementor-widget-spacer\" data-id=\"cfbeda2\" data-element_type=\"widget\" data-e-type=\"widget\" data-widget_type=\"spacer.default\">\n\t\t\t\t<div class=\"elementor-widget-container\">\n\t\t\t\t\t\t\t<div class=\"elementor-spacer\">\n\t\t\t<div class=\"elementor-spacer-inner\"><\/div>\n\t\t<\/div>\n\t\t\t\t\t\t<\/div>\n\t\t\t\t<\/div>\n\t\t\t\t<div class=\"elementor-element elementor-element-97f235c elementor-mobile-align-left elementor-widget elementor-widget-cs_list\" data-id=\"97f235c\" data-element_type=\"widget\" data-e-type=\"widget\" data-settings=\"{&quot;_animation_mobile&quot;:&quot;none&quot;}\" data-widget_type=\"cs_list.default\">\n\t\t\t\t<div class=\"elementor-widget-container\">\n\t\t\t\t\t\n            <ul class=\"cs-list cs-list-type-unordered with-border color-black\">                <li>                        <span class=\"list-icon color-primary\">\n                            <svg aria-hidden=\"true\" class=\"e-font-icon-svg e-fas-check-circle\" viewbox=\"0 0 512 512\" xmlns=\"http:\/\/www.w3.org\/2000\/svg\"><path d=\"M504 256c0 136.967-111.033 248-248 248S8 392.967 8 256 119.033 8 256 8s248 111.033 248 248zM227.314 387.314l184-184c6.248-6.248 6.248-16.379 0-22.627l-22.627-22.627c-6.248-6.249-16.379-6.249-22.628 0L216 308.118l-70.059-70.059c-6.248-6.248-16.379-6.248-22.628 0l-22.627 22.627c-6.248 6.248-6.248 16.379 0 22.627l104 104c6.249 6.249 16.379 6.249 22.628.001z\"><\/path><\/svg>                        <\/span>                    <span class=\"list-content\">10 Gehminuten zum Skilift Matterhorn Glacier Paradise (Skigebiet &amp; Wanderwege)<\/span>                <\/li>                <li>                        <span class=\"list-icon color-primary\">\n                            <svg aria-hidden=\"true\" class=\"e-font-icon-svg e-fas-check-circle\" viewbox=\"0 0 512 512\" xmlns=\"http:\/\/www.w3.org\/2000\/svg\"><path d=\"M504 256c0 136.967-111.033 248-248 248S8 392.967 8 256 119.033 8 256 8s248 111.033 248 248zM227.314 387.314l184-184c6.248-6.248 6.248-16.379 0-22.627l-22.627-22.627c-6.248-6.249-16.379-6.249-22.628 0L216 308.118l-70.059-70.059c-6.248-6.248-16.379-6.248-22.628 0l-22.627 22.627c-6.248 6.248-6.248 16.379 0 22.627l104 104c6.249 6.249 16.379 6.249 22.628.001z\"><\/path><\/svg>                        <\/span>                    <span class=\"list-content\">4 Minuten Fu\u00dfweg zur Bushaltestelle<\/span>                <\/li>                <li>                        <span class=\"list-icon color-primary\">\n                            <svg aria-hidden=\"true\" class=\"e-font-icon-svg e-fas-check-circle\" viewbox=\"0 0 512 512\" xmlns=\"http:\/\/www.w3.org\/2000\/svg\"><path d=\"M504 256c0 136.967-111.033 248-248 248S8 392.967 8 256 119.033 8 256 8s248 111.033 248 248zM227.314 387.314l184-184c6.248-6.248 6.248-16.379 0-22.627l-22.627-22.627c-6.248-6.249-16.379-6.249-22.628 0L216 308.118l-70.059-70.059c-6.248-6.248-16.379-6.248-22.628 0l-22.627 22.627c-6.248 6.248-6.248 16.379 0 22.627l104 104c6.249 6.249 16.379 6.249 22.628.001z\"><\/path><\/svg>                        <\/span>                    <span class=\"list-content\">Chalet mit Matterhornblick oder mit Alpenpanorama<\/span>                <\/li>                <li>                        <span class=\"list-icon color-primary\">\n                            <svg aria-hidden=\"true\" class=\"e-font-icon-svg e-fas-check-circle\" viewbox=\"0 0 512 512\" xmlns=\"http:\/\/www.w3.org\/2000\/svg\"><path d=\"M504 256c0 136.967-111.033 248-248 248S8 392.967 8 256 119.033 8 256 8s248 111.033 248 248zM227.314 387.314l184-184c6.248-6.248 6.248-16.379 0-22.627l-22.627-22.627c-6.248-6.249-16.379-6.249-22.628 0L216 308.118l-70.059-70.059c-6.248-6.248-16.379-6.248-22.628 0l-22.627 22.627c-6.248 6.248-6.248 16.379 0 22.627l104 104c6.249 6.249 16.379 6.249 22.628.001z\"><\/path><\/svg>                        <\/span>                    <span class=\"list-content\">Alle Zimmer haben ein eigenes Bad mit Badewanne<\/span>                <\/li>                <li>                        <span class=\"list-icon color-primary\">\n                            <svg aria-hidden=\"true\" class=\"e-font-icon-svg e-fas-check-circle\" viewbox=\"0 0 512 512\" xmlns=\"http:\/\/www.w3.org\/2000\/svg\"><path d=\"M504 256c0 136.967-111.033 248-248 248S8 392.967 8 256 119.033 8 256 8s248 111.033 248 248zM227.314 387.314l184-184c6.248-6.248 6.248-16.379 0-22.627l-22.627-22.627c-6.248-6.249-16.379-6.249-22.628 0L216 308.118l-70.059-70.059c-6.248-6.248-16.379-6.248-22.628 0l-22.627 22.627c-6.248 6.248-6.248 16.379 0 22.627l104 104c6.249 6.249 16.379 6.249 22.628.001z\"><\/path><\/svg>                        <\/span>                    <span class=\"list-content\">Beide Wohnungen verf\u00fcgen \u00fcber eine voll ausgestattete K\u00fcche<\/span>                <\/li>                <li>                        <span class=\"list-icon color-primary\">\n                            <svg aria-hidden=\"true\" class=\"e-font-icon-svg e-fas-check-circle\" viewbox=\"0 0 512 512\" xmlns=\"http:\/\/www.w3.org\/2000\/svg\"><path d=\"M504 256c0 136.967-111.033 248-248 248S8 392.967 8 256 119.033 8 256 8s248 111.033 248 248zM227.314 387.314l184-184c6.248-6.248 6.248-16.379 0-22.627l-22.627-22.627c-6.248-6.249-16.379-6.249-22.628 0L216 308.118l-70.059-70.059c-6.248-6.248-16.379-6.248-22.628 0l-22.627 22.627c-6.248 6.248-6.248 16.379 0 22.627l104 104c6.249 6.249 16.379 6.249 22.628.001z\"><\/path><\/svg>                        <\/span>                    <span class=\"list-content\">F\u00fcr Familien und Gruppen (1-12 Personen Adlerhorst &amp; 1-5 Personen Marmotte)<\/span>                <\/li>                <li>                        <span class=\"list-icon color-primary\">\n                            <svg aria-hidden=\"true\" class=\"e-font-icon-svg e-fas-check-circle\" viewbox=\"0 0 512 512\" xmlns=\"http:\/\/www.w3.org\/2000\/svg\"><path d=\"M504 256c0 136.967-111.033 248-248 248S8 392.967 8 256 119.033 8 256 8s248 111.033 248 248zM227.314 387.314l184-184c6.248-6.248 6.248-16.379 0-22.627l-22.627-22.627c-6.248-6.249-16.379-6.249-22.628 0L216 308.118l-70.059-70.059c-6.248-6.248-16.379-6.248-22.628 0l-22.627 22.627c-6.248 6.248-6.248 16.379 0 22.627l104 104c6.249 6.249 16.379 6.249 22.628.001z\"><\/path><\/svg>                        <\/span>                    <span class=\"list-content\">Auch Hunde sind willkommen<\/span>                <\/li>            <\/ul>\t\t\t\t<\/div>\n\t\t\t\t<\/div>\n\t\t\t\t\t<\/div>\n\t\t<\/div>\n\t\t\t\t<div class=\"elementor-column elementor-col-33 elementor-top-column elementor-element elementor-element-063f045 dark-color cs-animation-medium-offset elementor-invisible\" data-id=\"063f045\" data-element_type=\"column\" data-e-type=\"column\" data-settings=\"{&quot;background_background&quot;:&quot;classic&quot;,&quot;animation&quot;:&quot;fadeInUp&quot;,&quot;animation_delay&quot;:200}\">\n\t\t\t<div class=\"elementor-widget-wrap elementor-element-populated\">\n\t\t\t\t\t<div class=\"elementor-background-overlay\"><\/div>\n\t\t\t\t\t\t<div class=\"elementor-element elementor-element-6a063302 animated-fast cs-animation-medium-offset elementor-invisible elementor-widget elementor-widget-cs_call_to_action\" data-id=\"6a063302\" data-element_type=\"widget\" data-e-type=\"widget\" data-settings=\"{&quot;_animation_delay&quot;:200,&quot;_animation&quot;:&quot;fadeInUp&quot;,&quot;_animation_mobile&quot;:&quot;fadeInUp&quot;}\" data-widget_type=\"cs_call_to_action.default\">\n\t\t\t\t<div class=\"elementor-widget-container\">\n\t\t\t\t\t\n\t\t<div class=\"cs-cta cta-layout-text-normal img-offset-border text-center text-center-mobile cta-hover-img-zoom\">\n            <div class=\"cs-cta-wrap\">\t\t                <div class=\"cs-cta-img-wrap\">\n\t\t\t\t\t        <div class=\"cs-cta-img\">\n\t\t\t\t\t            <img decoding=\"async\" width=\"1829\" height=\"2560\" src=\"https:\/\/stay-zermatt.ch\/wp-content\/uploads\/2024\/10\/Residenz-Patricia-Appartments-in-Zermatt-1-scaled.jpg\" class=\"attachment-full size-full wp-image-2726\" alt=\"Living room Residenz Patricia Appartments in Zermatt\" srcset=\"https:\/\/stay-zermatt.ch\/wp-content\/uploads\/2024\/10\/Residenz-Patricia-Appartments-in-Zermatt-1-scaled.jpg 1829w, https:\/\/stay-zermatt.ch\/wp-content\/uploads\/2024\/10\/Residenz-Patricia-Appartments-in-Zermatt-1-scaled-107x150.jpg 107w, https:\/\/stay-zermatt.ch\/wp-content\/uploads\/2024\/10\/Residenz-Patricia-Appartments-in-Zermatt-1-600x840.jpg 600w, https:\/\/stay-zermatt.ch\/wp-content\/uploads\/2024\/10\/Residenz-Patricia-Appartments-in-Zermatt-1-214x300.jpg 214w, https:\/\/stay-zermatt.ch\/wp-content\/uploads\/2024\/10\/Residenz-Patricia-Appartments-in-Zermatt-1-732x1024.jpg 732w, https:\/\/stay-zermatt.ch\/wp-content\/uploads\/2024\/10\/Residenz-Patricia-Appartments-in-Zermatt-1-768x1075.jpg 768w, https:\/\/stay-zermatt.ch\/wp-content\/uploads\/2024\/10\/Residenz-Patricia-Appartments-in-Zermatt-1-1097x1536.jpg 1097w, https:\/\/stay-zermatt.ch\/wp-content\/uploads\/2024\/10\/Residenz-Patricia-Appartments-in-Zermatt-1-1463x2048.jpg 1463w, https:\/\/stay-zermatt.ch\/wp-content\/uploads\/2024\/10\/Residenz-Patricia-Appartments-in-Zermatt-1-1920x2688.jpg 1920w, https:\/\/stay-zermatt.ch\/wp-content\/uploads\/2024\/10\/Residenz-Patricia-Appartments-in-Zermatt-1-1440x2016.jpg 1440w, https:\/\/stay-zermatt.ch\/wp-content\/uploads\/2024\/10\/Residenz-Patricia-Appartments-in-Zermatt-1-1200x1680.jpg 1200w, https:\/\/stay-zermatt.ch\/wp-content\/uploads\/2024\/10\/Residenz-Patricia-Appartments-in-Zermatt-1-780x1092.jpg 780w, https:\/\/stay-zermatt.ch\/wp-content\/uploads\/2024\/10\/Residenz-Patricia-Appartments-in-Zermatt-1-550x770.jpg 550w, https:\/\/stay-zermatt.ch\/wp-content\/uploads\/2024\/10\/Residenz-Patricia-Appartments-in-Zermatt-1-370x518.jpg 370w, https:\/\/stay-zermatt.ch\/wp-content\/uploads\/2024\/10\/Residenz-Patricia-Appartments-in-Zermatt-1-255x357.jpg 255w\" sizes=\"(max-width: 1829px) 100vw, 1829px\" \/>\t\t\t\t\t        <\/div>\n\t\t\t\t\t        <div class=\"cs-offset-border\"><\/div>\n\t\t\t\t\t\t<\/div>                <div class=\"cs-cta-overlay\"><\/div>\n                <div class=\"cs-cta-content\">\t\t\t\t\t<div class=\"cs-subtitle-wrap\"><span class=\"cs-subtitle\">Moderne Wohnungen<\/span><\/div>\t\t            <h2 class=\"cs-cta-title cs-title color-black\">\n\t\t                Residence Patricia\t\t            <\/h2>\t\t            <div class=\"cs-cta-text color-black\">\n\t\t                <p>Wir bieten 30 komplett ausgestattete Studios und Appartements f\u00fcr Ihren komfortablen und bequemen Aufenthalt in Zermatt.<\/p>\t\t            <\/div>\t\t\t<\/div>                <a class=\"cs-cta-link\" href=\"https:\/\/www.patricia-zermatt.ch\/en\/\" target=\"_blank\" aria-label=\"Aufruf zum Handeln Link\"><\/a>            <\/div>\n        <\/div>\t\t\t\t<\/div>\n\t\t\t\t<\/div>\n\t\t\t\t<div class=\"elementor-element elementor-element-8f8515a elementor-align-center elementor-widget elementor-widget-cs_button\" data-id=\"8f8515a\" data-element_type=\"widget\" data-e-type=\"widget\" data-widget_type=\"cs_button.default\">\n\t\t\t\t<div class=\"elementor-widget-container\">\n\t\t\t\t\t        <a href=\"https:\/\/www.patricia-zermatt.ch\" target=\"_blank\" class=\"elementor-button-link button cs-btn-small\" role=\"button\">\n            <span class=\"cs-btn-text\">Mehr entdecken<\/span>        <\/a>\t\t\t\t<\/div>\n\t\t\t\t<\/div>\n\t\t\t\t<div class=\"elementor-element elementor-element-0c990b7 elementor-widget elementor-widget-spacer\" data-id=\"0c990b7\" data-element_type=\"widget\" data-e-type=\"widget\" data-widget_type=\"spacer.default\">\n\t\t\t\t<div class=\"elementor-widget-container\">\n\t\t\t\t\t\t\t<div class=\"elementor-spacer\">\n\t\t\t<div class=\"elementor-spacer-inner\"><\/div>\n\t\t<\/div>\n\t\t\t\t\t\t<\/div>\n\t\t\t\t<\/div>\n\t\t\t\t<div class=\"elementor-element elementor-element-503bc70 elementor-mobile-align-left elementor-widget elementor-widget-cs_list\" data-id=\"503bc70\" data-element_type=\"widget\" data-e-type=\"widget\" data-settings=\"{&quot;_animation_mobile&quot;:&quot;none&quot;}\" data-widget_type=\"cs_list.default\">\n\t\t\t\t<div class=\"elementor-widget-container\">\n\t\t\t\t\t\n            <ul class=\"cs-list cs-list-type-unordered with-border color-black\">                <li>                        <span class=\"list-icon color-primary\">\n                            <svg aria-hidden=\"true\" class=\"e-font-icon-svg e-fas-check-circle\" viewbox=\"0 0 512 512\" xmlns=\"http:\/\/www.w3.org\/2000\/svg\"><path d=\"M504 256c0 136.967-111.033 248-248 248S8 392.967 8 256 119.033 8 256 8s248 111.033 248 248zM227.314 387.314l184-184c6.248-6.248 6.248-16.379 0-22.627l-22.627-22.627c-6.248-6.249-16.379-6.249-22.628 0L216 308.118l-70.059-70.059c-6.248-6.248-16.379-6.248-22.628 0l-22.627 22.627c-6.248 6.248-6.248 16.379 0 22.627l104 104c6.249 6.249 16.379 6.249 22.628.001z\"><\/path><\/svg>                        <\/span>                    <span class=\"list-content\">10 Gehminuten zur Station Sunnegga (Skilifte, Skigebiet &amp; Wanderwege)<\/span>                <\/li>                <li>                        <span class=\"list-icon color-primary\">\n                            <svg aria-hidden=\"true\" class=\"e-font-icon-svg e-fas-check-circle\" viewbox=\"0 0 512 512\" xmlns=\"http:\/\/www.w3.org\/2000\/svg\"><path d=\"M504 256c0 136.967-111.033 248-248 248S8 392.967 8 256 119.033 8 256 8s248 111.033 248 248zM227.314 387.314l184-184c6.248-6.248 6.248-16.379 0-22.627l-22.627-22.627c-6.248-6.249-16.379-6.249-22.628 0L216 308.118l-70.059-70.059c-6.248-6.248-16.379-6.248-22.628 0l-22.627 22.627c-6.248 6.248-6.248 16.379 0 22.627l104 104c6.249 6.249 16.379 6.249 22.628.001z\"><\/path><\/svg>                        <\/span>                    <span class=\"list-content\">4 Minuten Fu\u00dfweg zur Bushaltestelle<\/span>                <\/li>                <li>                        <span class=\"list-icon color-primary\">\n                            <svg aria-hidden=\"true\" class=\"e-font-icon-svg e-fas-check-circle\" viewbox=\"0 0 512 512\" xmlns=\"http:\/\/www.w3.org\/2000\/svg\"><path d=\"M504 256c0 136.967-111.033 248-248 248S8 392.967 8 256 119.033 8 256 8s248 111.033 248 248zM227.314 387.314l184-184c6.248-6.248 6.248-16.379 0-22.627l-22.627-22.627c-6.248-6.249-16.379-6.249-22.628 0L216 308.118l-70.059-70.059c-6.248-6.248-16.379-6.248-22.628 0l-22.627 22.627c-6.248 6.248-6.248 16.379 0 22.627l104 104c6.249 6.249 16.379 6.249 22.628.001z\"><\/path><\/svg>                        <\/span>                    <span class=\"list-content\">Alle Wohnungen mit Blick auf das Matterhorn oder die umliegenden Berge<\/span>                <\/li>                <li>                        <span class=\"list-icon color-primary\">\n                            <svg aria-hidden=\"true\" class=\"e-font-icon-svg e-fas-check-circle\" viewbox=\"0 0 512 512\" xmlns=\"http:\/\/www.w3.org\/2000\/svg\"><path d=\"M504 256c0 136.967-111.033 248-248 248S8 392.967 8 256 119.033 8 256 8s248 111.033 248 248zM227.314 387.314l184-184c6.248-6.248 6.248-16.379 0-22.627l-22.627-22.627c-6.248-6.249-16.379-6.249-22.628 0L216 308.118l-70.059-70.059c-6.248-6.248-16.379-6.248-22.628 0l-22.627 22.627c-6.248 6.248-6.248 16.379 0 22.627l104 104c6.249 6.249 16.379 6.249 22.628.001z\"><\/path><\/svg>                        <\/span>                    <span class=\"list-content\">Alle Schlafzimmer haben ein separates Badezimmer mit Badewanne oder Dusche<\/span>                <\/li>                <li>                        <span class=\"list-icon color-primary\">\n                            <svg aria-hidden=\"true\" class=\"e-font-icon-svg e-fas-check-circle\" viewbox=\"0 0 512 512\" xmlns=\"http:\/\/www.w3.org\/2000\/svg\"><path d=\"M504 256c0 136.967-111.033 248-248 248S8 392.967 8 256 119.033 8 256 8s248 111.033 248 248zM227.314 387.314l184-184c6.248-6.248 6.248-16.379 0-22.627l-22.627-22.627c-6.248-6.249-16.379-6.249-22.628 0L216 308.118l-70.059-70.059c-6.248-6.248-16.379-6.248-22.628 0l-22.627 22.627c-6.248 6.248-6.248 16.379 0 22.627l104 104c6.249 6.249 16.379 6.249 22.628.001z\"><\/path><\/svg>                        <\/span>                    <span class=\"list-content\">Jedes Zimmer hat einen eigenen Balkon<\/span>                <\/li>                <li>                        <span class=\"list-icon color-primary\">\n                            <svg aria-hidden=\"true\" class=\"e-font-icon-svg e-fas-check-circle\" viewbox=\"0 0 512 512\" xmlns=\"http:\/\/www.w3.org\/2000\/svg\"><path d=\"M504 256c0 136.967-111.033 248-248 248S8 392.967 8 256 119.033 8 256 8s248 111.033 248 248zM227.314 387.314l184-184c6.248-6.248 6.248-16.379 0-22.627l-22.627-22.627c-6.248-6.249-16.379-6.249-22.628 0L216 308.118l-70.059-70.059c-6.248-6.248-16.379-6.248-22.628 0l-22.627 22.627c-6.248 6.248-6.248 16.379 0 22.627l104 104c6.249 6.249 16.379 6.249 22.628.001z\"><\/path><\/svg>                        <\/span>                    <span class=\"list-content\">Alle Wohnungen verf\u00fcgen \u00fcber eine voll ausgestattete K\u00fcche<\/span>                <\/li>                <li>                        <span class=\"list-icon color-primary\">\n                            <svg aria-hidden=\"true\" class=\"e-font-icon-svg e-fas-check-circle\" viewbox=\"0 0 512 512\" xmlns=\"http:\/\/www.w3.org\/2000\/svg\"><path d=\"M504 256c0 136.967-111.033 248-248 248S8 392.967 8 256 119.033 8 256 8s248 111.033 248 248zM227.314 387.314l184-184c6.248-6.248 6.248-16.379 0-22.627l-22.627-22.627c-6.248-6.249-16.379-6.249-22.628 0L216 308.118l-70.059-70.059c-6.248-6.248-16.379-6.248-22.628 0l-22.627 22.627c-6.248 6.248-6.248 16.379 0 22.627l104 104c6.249 6.249 16.379 6.249 22.628.001z\"><\/path><\/svg>                        <\/span>                    <span class=\"list-content\">Exklusiver Zugang zu Schwimmbad, Whirlpool und Spa in unserem Partnerhotel<\/span>                <\/li>            <\/ul>\t\t\t\t<\/div>\n\t\t\t\t<\/div>\n\t\t\t\t\t<\/div>\n\t\t<\/div>\n\t\t\t\t<div class=\"elementor-column elementor-col-33 elementor-top-column elementor-element elementor-element-5cbc169 dark-color cs-animation-medium-offset elementor-invisible\" data-id=\"5cbc169\" data-element_type=\"column\" data-e-type=\"column\" data-settings=\"{&quot;background_background&quot;:&quot;classic&quot;,&quot;animation&quot;:&quot;fadeInUp&quot;,&quot;animation_delay&quot;:400}\">\n\t\t\t<div class=\"elementor-widget-wrap elementor-element-populated\">\n\t\t\t\t\t<div class=\"elementor-background-overlay\"><\/div>\n\t\t\t\t\t\t<div class=\"elementor-element elementor-element-1b1c737a animated-fast cs-animation-medium-offset elementor-invisible elementor-widget elementor-widget-cs_call_to_action\" data-id=\"1b1c737a\" data-element_type=\"widget\" data-e-type=\"widget\" data-settings=\"{&quot;_animation_delay&quot;:400,&quot;_animation&quot;:&quot;fadeInUp&quot;}\" data-widget_type=\"cs_call_to_action.default\">\n\t\t\t\t<div class=\"elementor-widget-container\">\n\t\t\t\t\t\n\t\t<div class=\"cs-cta cta-layout-text-normal img-offset-border text-center text-center-mobile cta-hover-img-zoom\">\n            <div class=\"cs-cta-wrap\">\t\t                <div class=\"cs-cta-img-wrap\">\n\t\t\t\t\t        <div class=\"cs-cta-img\">\n\t\t\t\t\t            <img decoding=\"async\" width=\"418\" height=\"585\" src=\"https:\/\/stay-zermatt.ch\/wp-content\/uploads\/2024\/10\/Villa-Emanuel.jpg\" class=\"attachment-full size-full wp-image-2734\" alt=\"Villa Emanuel unique maisonette apartment in the heart of Zermatt\" srcset=\"https:\/\/stay-zermatt.ch\/wp-content\/uploads\/2024\/10\/Villa-Emanuel.jpg 418w, https:\/\/stay-zermatt.ch\/wp-content\/uploads\/2024\/10\/Villa-Emanuel-107x150.jpg 107w, https:\/\/stay-zermatt.ch\/wp-content\/uploads\/2024\/10\/Villa-Emanuel-214x300.jpg 214w, https:\/\/stay-zermatt.ch\/wp-content\/uploads\/2024\/10\/Villa-Emanuel-370x518.jpg 370w, https:\/\/stay-zermatt.ch\/wp-content\/uploads\/2024\/10\/Villa-Emanuel-255x357.jpg 255w\" sizes=\"(max-width: 418px) 100vw, 418px\" \/>\t\t\t\t\t        <\/div>\n\t\t\t\t\t        <div class=\"cs-offset-border\"><\/div>\n\t\t\t\t\t\t<\/div>                <div class=\"cs-cta-overlay\"><\/div>\n                <div class=\"cs-cta-content\">\t\t\t\t\t<div class=\"cs-subtitle-wrap\"><span class=\"cs-subtitle\">Maisonette-Wohnung<\/span><\/div>\t\t            <h2 class=\"cs-cta-title cs-title color-black\">\n\t\t                Villa Emanuel\t\t            <\/h2>\t\t            <div class=\"cs-cta-text color-black\">\n\t\t                <p>Eine einzigartige Maisonette-Wohnung im Herzen von Zermatt Village.<\/p>\t\t            <\/div>\t\t\t<\/div>                <a class=\"cs-cta-link\" href=\"https:\/\/emanuel-zermatt.ch\/en\/\" target=\"_blank\" aria-label=\"Aufruf zum Handeln Link\"><\/a>            <\/div>\n        <\/div>\t\t\t\t<\/div>\n\t\t\t\t<\/div>\n\t\t\t\t<div class=\"elementor-element elementor-element-d6da5dd elementor-align-center elementor-widget elementor-widget-cs_button\" data-id=\"d6da5dd\" data-element_type=\"widget\" data-e-type=\"widget\" data-widget_type=\"cs_button.default\">\n\t\t\t\t<div class=\"elementor-widget-container\">\n\t\t\t\t\t        <a href=\"https:\/\/emanuel-zermatt.ch\" target=\"_blank\" class=\"elementor-button-link button cs-btn-small\" role=\"button\">\n            <span class=\"cs-btn-text\">Mehr entdecken<\/span>        <\/a>\t\t\t\t<\/div>\n\t\t\t\t<\/div>\n\t\t\t\t<div class=\"elementor-element elementor-element-1cf0f65 elementor-widget elementor-widget-spacer\" data-id=\"1cf0f65\" data-element_type=\"widget\" data-e-type=\"widget\" data-widget_type=\"spacer.default\">\n\t\t\t\t<div class=\"elementor-widget-container\">\n\t\t\t\t\t\t\t<div class=\"elementor-spacer\">\n\t\t\t<div class=\"elementor-spacer-inner\"><\/div>\n\t\t<\/div>\n\t\t\t\t\t\t<\/div>\n\t\t\t\t<\/div>\n\t\t\t\t<div class=\"elementor-element elementor-element-e07658b elementor-mobile-align-left elementor-widget elementor-widget-cs_list\" data-id=\"e07658b\" data-element_type=\"widget\" data-e-type=\"widget\" data-settings=\"{&quot;_animation_mobile&quot;:&quot;none&quot;}\" data-widget_type=\"cs_list.default\">\n\t\t\t\t<div class=\"elementor-widget-container\">\n\t\t\t\t\t\n            <ul class=\"cs-list cs-list-type-unordered with-border color-black\">                <li>                        <span class=\"list-icon color-primary\">\n                            <svg aria-hidden=\"true\" class=\"e-font-icon-svg e-fas-check-circle\" viewbox=\"0 0 512 512\" xmlns=\"http:\/\/www.w3.org\/2000\/svg\"><path d=\"M504 256c0 136.967-111.033 248-248 248S8 392.967 8 256 119.033 8 256 8s248 111.033 248 248zM227.314 387.314l184-184c6.248-6.248 6.248-16.379 0-22.627l-22.627-22.627c-6.248-6.249-16.379-6.249-22.628 0L216 308.118l-70.059-70.059c-6.248-6.248-16.379-6.248-22.628 0l-22.627 22.627c-6.248 6.248-6.248 16.379 0 22.627l104 104c6.249 6.249 16.379 6.249 22.628.001z\"><\/path><\/svg>                        <\/span>                    <span class=\"list-content\">Einzigartige Ferienwohnung im alten historischen Teil des Dorfes<\/span>                <\/li>                <li>                        <span class=\"list-icon color-primary\">\n                            <svg aria-hidden=\"true\" class=\"e-font-icon-svg e-fas-check-circle\" viewbox=\"0 0 512 512\" xmlns=\"http:\/\/www.w3.org\/2000\/svg\"><path d=\"M504 256c0 136.967-111.033 248-248 248S8 392.967 8 256 119.033 8 256 8s248 111.033 248 248zM227.314 387.314l184-184c6.248-6.248 6.248-16.379 0-22.627l-22.627-22.627c-6.248-6.249-16.379-6.249-22.628 0L216 308.118l-70.059-70.059c-6.248-6.248-16.379-6.248-22.628 0l-22.627 22.627c-6.248 6.248-6.248 16.379 0 22.627l104 104c6.249 6.249 16.379 6.249 22.628.001z\"><\/path><\/svg>                        <\/span>                    <span class=\"list-content\">5 Minuten Fu\u00dfweg zum Bahnhof<\/span>                <\/li>                <li>                        <span class=\"list-icon color-primary\">\n                            <svg aria-hidden=\"true\" class=\"e-font-icon-svg e-fas-check-circle\" viewbox=\"0 0 512 512\" xmlns=\"http:\/\/www.w3.org\/2000\/svg\"><path d=\"M504 256c0 136.967-111.033 248-248 248S8 392.967 8 256 119.033 8 256 8s248 111.033 248 248zM227.314 387.314l184-184c6.248-6.248 6.248-16.379 0-22.627l-22.627-22.627c-6.248-6.249-16.379-6.249-22.628 0L216 308.118l-70.059-70.059c-6.248-6.248-16.379-6.248-22.628 0l-22.627 22.627c-6.248 6.248-6.248 16.379 0 22.627l104 104c6.249 6.249 16.379 6.249 22.628.001z\"><\/path><\/svg>                        <\/span>                    <span class=\"list-content\">1 Minute zu Fu\u00df zur Bahnhofstra\u00dfe (Restaurants, Bars und Einkaufsm\u00f6glichkeiten)<\/span>                <\/li>                <li>                        <span class=\"list-icon color-primary\">\n                            <svg aria-hidden=\"true\" class=\"e-font-icon-svg e-fas-check-circle\" viewbox=\"0 0 512 512\" xmlns=\"http:\/\/www.w3.org\/2000\/svg\"><path d=\"M504 256c0 136.967-111.033 248-248 248S8 392.967 8 256 119.033 8 256 8s248 111.033 248 248zM227.314 387.314l184-184c6.248-6.248 6.248-16.379 0-22.627l-22.627-22.627c-6.248-6.249-16.379-6.249-22.628 0L216 308.118l-70.059-70.059c-6.248-6.248-16.379-6.248-22.628 0l-22.627 22.627c-6.248 6.248-6.248 16.379 0 22.627l104 104c6.249 6.249 16.379 6.249 22.628.001z\"><\/path><\/svg>                        <\/span>                    <span class=\"list-content\">F\u00fcr Junge, Junggebliebene, Paare, Shopaholics oder Nachtschw\u00e4rmer<\/span>                <\/li>                <li>                        <span class=\"list-icon color-primary\">\n                            <svg aria-hidden=\"true\" class=\"e-font-icon-svg e-fas-check-circle\" viewbox=\"0 0 512 512\" xmlns=\"http:\/\/www.w3.org\/2000\/svg\"><path d=\"M504 256c0 136.967-111.033 248-248 248S8 392.967 8 256 119.033 8 256 8s248 111.033 248 248zM227.314 387.314l184-184c6.248-6.248 6.248-16.379 0-22.627l-22.627-22.627c-6.248-6.249-16.379-6.249-22.628 0L216 308.118l-70.059-70.059c-6.248-6.248-16.379-6.248-22.628 0l-22.627 22.627c-6.248 6.248-6.248 16.379 0 22.627l104 104c6.249 6.249 16.379 6.249 22.628.001z\"><\/path><\/svg>                        <\/span>                    <span class=\"list-content\">Die Wohnung hat eine voll ausgestattete K\u00fcche<\/span>                <\/li>                <li>                        <span class=\"list-icon color-primary\">\n                            <svg aria-hidden=\"true\" class=\"e-font-icon-svg e-fas-check-circle\" viewbox=\"0 0 512 512\" xmlns=\"http:\/\/www.w3.org\/2000\/svg\"><path d=\"M504 256c0 136.967-111.033 248-248 248S8 392.967 8 256 119.033 8 256 8s248 111.033 248 248zM227.314 387.314l184-184c6.248-6.248 6.248-16.379 0-22.627l-22.627-22.627c-6.248-6.249-16.379-6.249-22.628 0L216 308.118l-70.059-70.059c-6.248-6.248-16.379-6.248-22.628 0l-22.627 22.627c-6.248 6.248-6.248 16.379 0 22.627l104 104c6.249 6.249 16.379 6.249 22.628.001z\"><\/path><\/svg>                        <\/span>                    <span class=\"list-content\">Im Obergeschoss befindet sich eine Badewanne mit Dachfenster und Matterhornblick<\/span>                <\/li>                <li>                        <span class=\"list-icon color-primary\">\n                            <svg aria-hidden=\"true\" class=\"e-font-icon-svg e-fas-check-circle\" viewbox=\"0 0 512 512\" xmlns=\"http:\/\/www.w3.org\/2000\/svg\"><path d=\"M504 256c0 136.967-111.033 248-248 248S8 392.967 8 256 119.033 8 256 8s248 111.033 248 248zM227.314 387.314l184-184c6.248-6.248 6.248-16.379 0-22.627l-22.627-22.627c-6.248-6.249-16.379-6.249-22.628 0L216 308.118l-70.059-70.059c-6.248-6.248-16.379-6.248-22.628 0l-22.627 22.627c-6.248 6.248-6.248 16.379 0 22.627l104 104c6.249 6.249 16.379 6.249 22.628.001z\"><\/path><\/svg>                        <\/span>                    <span class=\"list-content\">Die Maisonette-Wohnung hat einen kleinen, gem\u00fctlichen Balkon<\/span>                <\/li>            <\/ul>\t\t\t\t<\/div>\n\t\t\t\t<\/div>\n\t\t\t\t\t<\/div>\n\t\t<\/div>\n\t\t\t\t\t<\/div>\n\t\t<\/section>\n\t\t\t\t<section class=\"elementor-section elementor-top-section elementor-element elementor-element-4f3d7e6a cs-section-content-fullwidth elementor-section-boxed elementor-section-height-default elementor-section-height-default\" data-id=\"4f3d7e6a\" data-element_type=\"section\" data-e-type=\"section\" data-settings=\"{&quot;background_background&quot;:&quot;classic&quot;}\">\n\t\t\t\t\t\t<div class=\"elementor-container elementor-column-gap-no\">\n\t\t\t\t\t<div class=\"elementor-column elementor-col-50 elementor-top-column elementor-element elementor-element-3e09c2c9\" data-id=\"3e09c2c9\" data-element_type=\"column\" data-e-type=\"column\">\n\t\t\t<div class=\"elementor-widget-wrap elementor-element-populated\">\n\t\t\t\t\t\t<div class=\"elementor-element elementor-element-25d1a83 elementor-widget elementor-widget-cs_title\" data-id=\"25d1a83\" data-element_type=\"widget\" data-e-type=\"widget\" data-widget_type=\"cs_title.default\">\n\t\t\t\t<div class=\"elementor-widget-container\">\n\t\t\t\t\t\n        <div class=\"cs-title-wrap\">\t            <div class=\"cs-subtitle-wrap\"><span class=\"cs-subtitle\">Die angebotenen Dienstleistungen<\/span><\/div>\t            <h2 class=\"cs-title\">\n\t                Das bieten Ihnen unsere Ferienunterk\u00fcnfte in den Schweizer Alpen:\t            <\/h2>        <\/div>\t\t\t\t<\/div>\n\t\t\t\t<\/div>\n\t\t\t\t<div class=\"elementor-element elementor-element-ab0dbaf elementor-widget elementor-widget-cs_info_box\" data-id=\"ab0dbaf\" data-element_type=\"widget\" data-e-type=\"widget\" data-widget_type=\"cs_info_box.default\">\n\t\t\t\t<div class=\"elementor-widget-container\">\n\t\t\t\t\t\n\t\t\t<div class=\"cs-info-box column-2 valign-top img-left\">\n                <div class=\"cs-info-box-wrap\">                    <div class=\"cs-info-box-item elementor-repeater-item-6c33aa7\">\n                    \t<div class=\"cs-item-container\">\t                        <div class=\"cs-info-box-img\"><i aria-hidden=\"true\" class=\"flaticon flaticon-dinner\"><\/i>\t                        <\/div>\t                        <div class=\"cs-info-box-content\">\n\t                            <h3 class=\"cs-title cs-info-box-title\"><b>Vollst\u00e4ndig ausgestattete K\u00fcchen<\/b>\t\t\t\t\t\t\t\t<\/h3>\t                            \t<div class=\"cs-info-box-text\"><p>Bleiben Sie flexibel und kochen Sie, was und wann Sie wollen.<\/p><\/div>\t                        <\/div>\t                    <\/div>\n                    <\/div>                    <div class=\"cs-info-box-item elementor-repeater-item-0a01fb1\">\n                    \t<div class=\"cs-item-container\">\t                        <div class=\"cs-info-box-img\"><i aria-hidden=\"true\" class=\"flaticon flaticon-wifi-2\"><\/i>\t                        <\/div>\t                        <div class=\"cs-info-box-content\">\n\t                            <h3 class=\"cs-title cs-info-box-title\"><b>Wifi &amp; Internet<\/b>\t\t\t\t\t\t\t\t<\/h3>\t                            \t<div class=\"cs-info-box-text\"><p>Alle Zimmer in unseren Appartements und das Chalet haben kostenloses und schnelles Wifi!<\/p><\/div>\t                        <\/div>\t                    <\/div>\n                    <\/div>                    <div class=\"cs-info-box-item elementor-repeater-item-bb40a8b\">\n                    \t<div class=\"cs-item-container\">\t                        <div class=\"cs-info-box-img\"><i aria-hidden=\"true\" class=\"flaticon flaticon-bathtub-1\"><\/i>\t                        <\/div>\t                        <div class=\"cs-info-box-content\">\n\t                            <h3 class=\"cs-title cs-info-box-title\"><b>Einzigartig in Zermatt<\/b>\t\t\t\t\t\t\t\t<\/h3>\t                            \t<div class=\"cs-info-box-text\"><p>F\u00fcr Ihre Privatsph\u00e4re: alle Zimmer haben ein eigenes Bad mit Badewanne oder Dusche.<\/p><\/div>\t                        <\/div>\t                    <\/div>\n                    <\/div>                    <div class=\"cs-info-box-item elementor-repeater-item-0bf7877\">\n                    \t<div class=\"cs-item-container\">\t                        <div class=\"cs-info-box-img\"><i aria-hidden=\"true\" class=\"flaticon flaticon-24-hours\"><\/i>\t                        <\/div>\t                        <div class=\"cs-info-box-content\">\n\t                            <h3 class=\"cs-title cs-info-box-title\"><b>24\/7 Verf\u00fcgbarkeit<\/b>\t\t\t\t\t\t\t\t<\/h3>\t                            \t<div class=\"cs-info-box-text\"><p>In Notf\u00e4llen oder wenn Sie Fragen haben, stehen wir Ihnen gerne zur Verf\u00fcgung.<\/p><\/div>\t                        <\/div>\t                    <\/div>\n                    <\/div>\t\t\t\t<\/div>\n\t\t\t<\/div>\t\t\t\t<\/div>\n\t\t\t\t<\/div>\n\t\t\t\t\t<\/div>\n\t\t<\/div>\n\t\t\t\t<div class=\"elementor-column elementor-col-50 elementor-top-column elementor-element elementor-element-6c203680\" data-id=\"6c203680\" data-element_type=\"column\" data-e-type=\"column\">\n\t\t\t<div class=\"elementor-widget-wrap elementor-element-populated\">\n\t\t\t\t\t\t<section class=\"elementor-section elementor-inner-section elementor-element elementor-element-6205a100 elementor-section-content-middle elementor-section-boxed elementor-section-height-default elementor-section-height-default\" data-id=\"6205a100\" data-element_type=\"section\" data-e-type=\"section\">\n\t\t\t\t\t\t<div class=\"elementor-container elementor-column-gap-no\">\n\t\t\t\t\t<div class=\"elementor-column elementor-col-50 elementor-inner-column elementor-element elementor-element-2fb78cc2\" data-id=\"2fb78cc2\" data-element_type=\"column\" data-e-type=\"column\">\n\t\t\t<div class=\"elementor-widget-wrap elementor-element-populated\">\n\t\t\t\t\t\t<div class=\"elementor-element elementor-element-4177aa87 cs-animation-small-offset elementor-invisible elementor-widget elementor-widget-image\" data-id=\"4177aa87\" data-element_type=\"widget\" data-e-type=\"widget\" data-settings=\"{&quot;_animation&quot;:&quot;fadeInUp&quot;}\" data-widget_type=\"image.default\">\n\t\t\t\t<div class=\"elementor-widget-container\">\n\t\t\t\t\t\t\t\t\t\t\t\t\t\t\t<img loading=\"lazy\" decoding=\"async\" width=\"370\" height=\"554\" src=\"https:\/\/stay-zermatt.ch\/wp-content\/uploads\/2023\/04\/img-22-370x554.jpg\" class=\"attachment-cozystay_370x9999 size-cozystay_370x9999 wp-image-73\" alt=\"Relaxing spa moment during a stay at Stay Zermatt accommodation\" srcset=\"https:\/\/stay-zermatt.ch\/wp-content\/uploads\/2023\/04\/img-22-370x554.jpg 370w, https:\/\/stay-zermatt.ch\/wp-content\/uploads\/2023\/04\/img-22-100x150.jpg 100w, https:\/\/stay-zermatt.ch\/wp-content\/uploads\/2023\/04\/img-22-600x899.jpg 600w, https:\/\/stay-zermatt.ch\/wp-content\/uploads\/2023\/04\/img-22-200x300.jpg 200w, https:\/\/stay-zermatt.ch\/wp-content\/uploads\/2023\/04\/img-22-683x1024.jpg 683w, https:\/\/stay-zermatt.ch\/wp-content\/uploads\/2023\/04\/img-22-550x824.jpg 550w, https:\/\/stay-zermatt.ch\/wp-content\/uploads\/2023\/04\/img-22-255x382.jpg 255w, https:\/\/stay-zermatt.ch\/wp-content\/uploads\/2023\/04\/img-22.jpg 734w\" sizes=\"(max-width: 370px) 100vw, 370px\" \/>\t\t\t\t\t\t\t\t\t\t\t\t\t\t\t<\/div>\n\t\t\t\t<\/div>\n\t\t\t\t\t<\/div>\n\t\t<\/div>\n\t\t\t\t<div class=\"elementor-column elementor-col-50 elementor-inner-column elementor-element elementor-element-6f057a6a\" data-id=\"6f057a6a\" data-element_type=\"column\" data-e-type=\"column\">\n\t\t\t<div class=\"elementor-widget-wrap elementor-element-populated\">\n\t\t\t\t\t\t<div class=\"elementor-element elementor-element-620287af cs-animation-small-offset elementor-invisible elementor-widget elementor-widget-image\" data-id=\"620287af\" data-element_type=\"widget\" data-e-type=\"widget\" data-settings=\"{&quot;_animation&quot;:&quot;fadeInUp&quot;,&quot;_animation_delay&quot;:300}\" data-widget_type=\"image.default\">\n\t\t\t\t<div class=\"elementor-widget-container\">\n\t\t\t\t\t\t\t\t\t\t\t\t\t\t\t<img loading=\"lazy\" decoding=\"async\" width=\"370\" height=\"555\" src=\"https:\/\/stay-zermatt.ch\/wp-content\/uploads\/2023\/04\/angelo-pantazis-xXKhGs1ab2M-unsplash-370x555.jpg\" class=\"attachment-cozystay_370x9999 size-cozystay_370x9999 wp-image-449\" alt=\"Dining experience near Stay Zermatt accommodation in Zermatt\" srcset=\"https:\/\/stay-zermatt.ch\/wp-content\/uploads\/2023\/04\/angelo-pantazis-xXKhGs1ab2M-unsplash-370x555.jpg 370w, https:\/\/stay-zermatt.ch\/wp-content\/uploads\/2023\/04\/angelo-pantazis-xXKhGs1ab2M-unsplash-100x150.jpg 100w, https:\/\/stay-zermatt.ch\/wp-content\/uploads\/2023\/04\/angelo-pantazis-xXKhGs1ab2M-unsplash-600x900.jpg 600w, https:\/\/stay-zermatt.ch\/wp-content\/uploads\/2023\/04\/angelo-pantazis-xXKhGs1ab2M-unsplash-200x300.jpg 200w, https:\/\/stay-zermatt.ch\/wp-content\/uploads\/2023\/04\/angelo-pantazis-xXKhGs1ab2M-unsplash-683x1024.jpg 683w, https:\/\/stay-zermatt.ch\/wp-content\/uploads\/2023\/04\/angelo-pantazis-xXKhGs1ab2M-unsplash-768x1152.jpg 768w, https:\/\/stay-zermatt.ch\/wp-content\/uploads\/2023\/04\/angelo-pantazis-xXKhGs1ab2M-unsplash-780x1170.jpg 780w, https:\/\/stay-zermatt.ch\/wp-content\/uploads\/2023\/04\/angelo-pantazis-xXKhGs1ab2M-unsplash-550x825.jpg 550w, https:\/\/stay-zermatt.ch\/wp-content\/uploads\/2023\/04\/angelo-pantazis-xXKhGs1ab2M-unsplash-255x383.jpg 255w, https:\/\/stay-zermatt.ch\/wp-content\/uploads\/2023\/04\/angelo-pantazis-xXKhGs1ab2M-unsplash.jpg 800w\" sizes=\"(max-width: 370px) 100vw, 370px\" \/>\t\t\t\t\t\t\t\t\t\t\t\t\t\t\t<\/div>\n\t\t\t\t<\/div>\n\t\t\t\t\t<\/div>\n\t\t<\/div>\n\t\t\t\t\t<\/div>\n\t\t<\/section>\n\t\t\t\t\t<\/div>\n\t\t<\/div>\n\t\t\t\t\t<\/div>\n\t\t<\/section>\n\t\t\t\t<section class=\"elementor-section elementor-top-section elementor-element elementor-element-28d1971 cs-section-content-fullwidth elementor-section-boxed elementor-section-height-default elementor-section-height-default\" data-id=\"28d1971\" data-element_type=\"section\" data-e-type=\"section\" data-settings=\"{&quot;background_background&quot;:&quot;classic&quot;}\">\n\t\t\t\t\t\t\t<div class=\"elementor-background-overlay\"><\/div>\n\t\t\t\t\t\t\t<div class=\"elementor-container elementor-column-gap-no\">\n\t\t\t\t\t<div class=\"elementor-column elementor-col-100 elementor-top-column elementor-element elementor-element-cc568c4\" data-id=\"cc568c4\" data-element_type=\"column\" data-e-type=\"column\">\n\t\t\t<div class=\"elementor-widget-wrap elementor-element-populated\">\n\t\t\t\t\t\t<div class=\"elementor-element elementor-element-606d8fa elementor-widget elementor-widget-cs_title\" data-id=\"606d8fa\" data-element_type=\"widget\" data-e-type=\"widget\" data-widget_type=\"cs_title.default\">\n\t\t\t\t<div class=\"elementor-widget-container\">\n\t\t\t\t\t\n        <div class=\"cs-title-wrap text-left\">\t            <div class=\"cs-subtitle-wrap\"><span class=\"cs-subtitle\">Gut zu wissen<\/span><\/div>\t            <h2 class=\"cs-title\">\n\t                Vielf\u00e4ltige Unterkunftsm\u00f6glichkeiten\t            <\/h2>\t            <div class=\"cs-title-text\">\n\t                <p>Das Angebot an Unterk\u00fcnften in Zermatt reicht von traditionellen Chalets und gem\u00fctlichen Apartments bis hin zu luxuri\u00f6sen 5-Sterne-Resorts. Viele dieser Unterk\u00fcnfte bieten nicht nur eine erstklassige Lage oder malerische Aussichten, sondern auch eine Vielzahl von Annehmlichkeiten, die Ihren Aufenthalt unvergesslich machen. <strong>Genie\u00dfen Sie den Komfort und die Flexibilit\u00e4t unserer familiengef\u00fchrten Unterk\u00fcnfte und erleben Sie die Sch\u00f6nheit der Natur, die Sie umgibt.<\/strong><\/p>\t            <\/div>        <\/div>\t\t\t\t<\/div>\n\t\t\t\t<\/div>\n\t\t\t\t<div class=\"elementor-element elementor-element-1db3265 elementor-widget elementor-widget-cs_title\" data-id=\"1db3265\" data-element_type=\"widget\" data-e-type=\"widget\" data-widget_type=\"cs_title.default\">\n\t\t\t\t<div class=\"elementor-widget-container\">\n\t\t\t\t\t\n        <div class=\"cs-title-wrap text-left\">\t            <h3 class=\"cs-title\">\n\t                Moderne Annehmlichkeiten\t            <\/h3>\t            <div class=\"cs-title-text\">\n\t                <p>Einige Unterk\u00fcnfte in Zermatt sind mit modernen Annehmlichkeiten ausgestattet, um Ihren Aufenthalt so angenehm wie m\u00f6glich zu gestalten. Ihr Komfort ist unsere Priorit\u00e4t, deshalb bieten unsere Unterk\u00fcnfte:<\/p>\t            <\/div>        <\/div>\t\t\t\t<\/div>\n\t\t\t\t<\/div>\n\t\t\t\t<div class=\"elementor-element elementor-element-8722851 elementor-mobile-align-left elementor-widget elementor-widget-cs_list\" data-id=\"8722851\" data-element_type=\"widget\" data-e-type=\"widget\" data-settings=\"{&quot;_animation_mobile&quot;:&quot;none&quot;}\" data-widget_type=\"cs_list.default\">\n\t\t\t\t<div class=\"elementor-widget-container\">\n\t\t\t\t\t\n            <ul class=\"cs-list cs-list-type-unordered with-border color-black\">                <li>                        <span class=\"list-icon color-primary\">\n                            <svg aria-hidden=\"true\" class=\"e-font-icon-svg e-fas-circle\" viewbox=\"0 0 512 512\" xmlns=\"http:\/\/www.w3.org\/2000\/svg\"><path d=\"M256 8C119 8 8 119 8 256s111 248 248 248 248-111 248-248S393 8 256 8z\"><\/path><\/svg>                        <\/span>                    <span class=\"list-content\">Wi-Fi: Kostenloses und schnelles Internet f\u00fcr Ihre digitalen Bed\u00fcrfnisse.<\/span>                <\/li>                <li>                        <span class=\"list-icon color-primary\">\n                            <svg aria-hidden=\"true\" class=\"e-font-icon-svg e-fas-circle\" viewbox=\"0 0 512 512\" xmlns=\"http:\/\/www.w3.org\/2000\/svg\"><path d=\"M256 8C119 8 8 119 8 256s111 248 248 248 248-111 248-248S393 8 256 8z\"><\/path><\/svg>                        <\/span>                    <span class=\"list-content\">Wellness\/Spa &amp; Entspannung: Dank unserem Partnerhotel bieten wir Ihnen exklusiven Zugang zu Spa, Saunen und Pool, damit Sie sich nach einem aktiven Tag in den Bergen entspannen k\u00f6nnen (CHF 40 pro Person und Tag).<\/span>                <\/li>                <li>                        <span class=\"list-icon color-primary\">\n                            <svg aria-hidden=\"true\" class=\"e-font-icon-svg e-fas-circle\" viewbox=\"0 0 512 512\" xmlns=\"http:\/\/www.w3.org\/2000\/svg\"><path d=\"M256 8C119 8 8 119 8 256s111 248 248 248 248-111 248-248S393 8 256 8z\"><\/path><\/svg>                        <\/span>                    <span class=\"list-content\">Speisem\u00f6glichkeiten: In der Hochsaison kann es oft schwierig sein, einen Tisch in einem Restaurant zu reservieren. Alle unsere Unterk\u00fcnfte verf\u00fcgen \u00fcber eine voll ausgestattete K\u00fcche, die Ihnen maximale Flexibilit\u00e4t ohne l\u00e4stige Reservierungen erm\u00f6glicht.<\/span>                <\/li>                <li>                        <span class=\"list-icon color-primary\">\n                            <svg aria-hidden=\"true\" class=\"e-font-icon-svg e-fas-circle\" viewbox=\"0 0 512 512\" xmlns=\"http:\/\/www.w3.org\/2000\/svg\"><path d=\"M256 8C119 8 8 119 8 256s111 248 248 248 248-111 248-248S393 8 256 8z\"><\/path><\/svg>                        <\/span>                    <span class=\"list-content\">Einzigartig in Zermatt: F\u00fcr Ihre Privatsph\u00e4re verf\u00fcgen alle unsere Zimmer \u00fcber ein eigenes Bad mit Badewanne oder Dusche. So m\u00fcssen Sie sich kein Bad mit Freunden oder Bekannten teilen und haben keine Wartezeiten.<\/span>                <\/li>            <\/ul>\t\t\t\t<\/div>\n\t\t\t\t<\/div>\n\t\t\t\t<div class=\"elementor-element elementor-element-7a3a421 elementor-widget elementor-widget-spacer\" data-id=\"7a3a421\" data-element_type=\"widget\" data-e-type=\"widget\" data-widget_type=\"spacer.default\">\n\t\t\t\t<div class=\"elementor-widget-container\">\n\t\t\t\t\t\t\t<div class=\"elementor-spacer\">\n\t\t\t<div class=\"elementor-spacer-inner\"><\/div>\n\t\t<\/div>\n\t\t\t\t\t\t<\/div>\n\t\t\t\t<\/div>\n\t\t\t\t<div class=\"elementor-element elementor-element-84530f5 elementor-widget elementor-widget-cs_title\" data-id=\"84530f5\" data-element_type=\"widget\" data-e-type=\"widget\" data-widget_type=\"cs_title.default\">\n\t\t\t\t<div class=\"elementor-widget-container\">\n\t\t\t\t\t\n        <div class=\"cs-title-wrap text-left\">\t            <h3 class=\"cs-title\">\n\t                Zentrale Lage\t            <\/h3>\t            <div class=\"cs-title-text\">\n\t                <p>Eine Unterkunft in Zermatt bietet einfachen Zugang zu den wichtigsten Sehensw\u00fcrdigkeiten der Region. Die charmante Fu\u00dfg\u00e4ngerzone mit ihren Gesch\u00e4ften, Caf\u00e9s und Restaurants ist oft nur einen kurzen Spaziergang entfernt. Einige Unterk\u00fcnfte befinden sich in der N\u00e4he der Bergbahnen und bieten einen atemberaubenden Blick auf das Matterhorn sowie Zugang zu zahlreichen Wander- und Skiloipen. <b>Unsere Unterk\u00fcnfte sind maximal 10 Gehminuten von den Bergbahnen (zu den Skiliften) entfernt, 4\u00a0<span style=\"color: var(--content-color); font-size: var(--post-text-size); font-family: var(--body-font);\">Minuten Fu\u00dfweg von der\u00a0<\/span><span style=\"font-size: inherit; color: var(--content-color); font-family: var(--body-font);\">Busbahnh\u00f6fe und ein\u00a0<\/span><span style=\"color: var(--content-color); font-size: var(--post-text-size); font-family: var(--body-font);\">maximal 15 Minuten Fu\u00dfweg von der Schule entfernt\u00a0<\/span><span style=\"color: var(--content-color); font-family: var(--body-font); font-size: inherit;\">Stadtzentrum.<\/span><\/b><\/p>\t            <\/div>        <\/div>\t\t\t\t<\/div>\n\t\t\t\t<\/div>\n\t\t\t\t<div class=\"elementor-element elementor-element-32ce642 elementor-widget elementor-widget-cs_title\" data-id=\"32ce642\" data-element_type=\"widget\" data-e-type=\"widget\" data-widget_type=\"cs_title.default\">\n\t\t\t\t<div class=\"elementor-widget-container\">\n\t\t\t\t\t\n        <div class=\"cs-title-wrap text-left\">\t            <h3 class=\"cs-title\">\n\t                Aktivit\u00e4ten und Erholungsm\u00f6glichkeiten\t            <\/h3>\t            <div class=\"cs-title-text\">\n\t                <p>Zermatt ist das ganze Jahr \u00fcber ein beliebtes Reiseziel. Im Winter k\u00f6nnen Sie die erstklassigen Skipisten und Langlaufloipen genie\u00dfen, w\u00e4hrend im Fr\u00fchling, Sommer und Herbst Wanderer und Mountainbiker die idyllische Natur erkunden k\u00f6nnen. Einige Unterk\u00fcnfte in Zermatt bieten spezielle Pakete und Arrangements an, die Folgendes beinhalten\u00a0<span style=\"color: var(--content-color); font-size: var(--post-text-size); font-family: var(--body-font);\">Wellness-Behandlungen und\u00a0<\/span><span style=\"font-size: inherit; color: var(--content-color); font-family: var(--body-font);\">Aktivit\u00e4ten wie\u00a0<\/span><span style=\"color: var(--content-color); font-size: var(--post-text-size); font-family: var(--body-font);\">Skip\u00e4sse und\u00a0<\/span><span style=\"color: var(--content-color); font-family: var(--body-font); font-size: inherit;\">F\u00fchrungen.\u00a0<\/span>Treiben Sie gerne Sport in der Natur? Dann r<span style=\"color: var(--content-color); font-family: var(--body-font); font-size: inherit;\">Lesen Sie mehr \u00fcber <a href=\"https:\/\/stay-zermatt.ch\/de\/zermatt-in-Summer\/\"><span style=\"text-decoration: underline;\">Wandern in Zermat<\/span><span style=\"text-decoration: underline;\">t<\/span><\/a> und <span style=\"text-decoration: underline;\"><a href=\"https:\/\/stay-zermatt.ch\/de\/zermatt-in-winter\/\">Skifahren in Zermatt.<\/a><\/span><\/span><\/p>\t            <\/div>        <\/div>\t\t\t\t<\/div>\n\t\t\t\t<\/div>\n\t\t\t\t<div class=\"elementor-element elementor-element-176aa85 elementor-widget elementor-widget-spacer\" data-id=\"176aa85\" data-element_type=\"widget\" data-e-type=\"widget\" data-widget_type=\"spacer.default\">\n\t\t\t\t<div class=\"elementor-widget-container\">\n\t\t\t\t\t\t\t<div class=\"elementor-spacer\">\n\t\t\t<div class=\"elementor-spacer-inner\"><\/div>\n\t\t<\/div>\n\t\t\t\t\t\t<\/div>\n\t\t\t\t<\/div>\n\t\t<div class=\"elementor-element elementor-element-9b6929f e-con-full e-flex e-con e-parent\" data-id=\"9b6929f\" data-element_type=\"container\" data-e-type=\"container\">\n\t\t<div class=\"elementor-element elementor-element-df8238c e-con-full e-flex e-con e-child\" data-id=\"df8238c\" data-element_type=\"container\" data-e-type=\"container\">\n\t\t<div class=\"elementor-element elementor-element-8f1f74e e-con-full e-flex e-con e-child\" data-id=\"8f1f74e\" data-element_type=\"container\" data-e-type=\"container\">\n\t\t\t\t<div class=\"elementor-element elementor-element-247b24e animated-fast cs-animation-small-offset elementor-invisible elementor-widget elementor-widget-image\" data-id=\"247b24e\" data-element_type=\"widget\" data-e-type=\"widget\" data-settings=\"{&quot;_animation&quot;:&quot;fadeInLeft&quot;,&quot;_animation_tablet&quot;:&quot;fadeInUp&quot;}\" data-widget_type=\"image.default\">\n\t\t\t\t<div class=\"elementor-widget-container\">\n\t\t\t\t\t\t\t\t\t\t\t\t\t\t\t<img loading=\"lazy\" decoding=\"async\" width=\"899\" height=\"1024\" src=\"https:\/\/stay-zermatt.ch\/wp-content\/uploads\/2025\/02\/Zermatt-hikes_hochformat-899x1024.jpg\" class=\"attachment-large size-large wp-image-4349\" alt=\"Hiking in Zermatt with mountain views near the Matterhorn\" srcset=\"https:\/\/stay-zermatt.ch\/wp-content\/uploads\/2025\/02\/Zermatt-hikes_hochformat-899x1024.jpg 899w, https:\/\/stay-zermatt.ch\/wp-content\/uploads\/2025\/02\/Zermatt-hikes_hochformat-scaled-132x150.jpg 132w, https:\/\/stay-zermatt.ch\/wp-content\/uploads\/2025\/02\/Zermatt-hikes_hochformat-600x684.jpg 600w, https:\/\/stay-zermatt.ch\/wp-content\/uploads\/2025\/02\/Zermatt-hikes_hochformat-263x300.jpg 263w, https:\/\/stay-zermatt.ch\/wp-content\/uploads\/2025\/02\/Zermatt-hikes_hochformat-768x875.jpg 768w, https:\/\/stay-zermatt.ch\/wp-content\/uploads\/2025\/02\/Zermatt-hikes_hochformat-1348x1536.jpg 1348w, https:\/\/stay-zermatt.ch\/wp-content\/uploads\/2025\/02\/Zermatt-hikes_hochformat-1798x2048.jpg 1798w, https:\/\/stay-zermatt.ch\/wp-content\/uploads\/2025\/02\/Zermatt-hikes_hochformat-11x12.jpg 11w, https:\/\/stay-zermatt.ch\/wp-content\/uploads\/2025\/02\/Zermatt-hikes_hochformat-1920x2187.jpg 1920w, https:\/\/stay-zermatt.ch\/wp-content\/uploads\/2025\/02\/Zermatt-hikes_hochformat-1440x1640.jpg 1440w, https:\/\/stay-zermatt.ch\/wp-content\/uploads\/2025\/02\/Zermatt-hikes_hochformat-1200x1367.jpg 1200w, https:\/\/stay-zermatt.ch\/wp-content\/uploads\/2025\/02\/Zermatt-hikes_hochformat-780x889.jpg 780w, https:\/\/stay-zermatt.ch\/wp-content\/uploads\/2025\/02\/Zermatt-hikes_hochformat-550x627.jpg 550w, https:\/\/stay-zermatt.ch\/wp-content\/uploads\/2025\/02\/Zermatt-hikes_hochformat-370x422.jpg 370w, https:\/\/stay-zermatt.ch\/wp-content\/uploads\/2025\/02\/Zermatt-hikes_hochformat-255x291.jpg 255w\" sizes=\"(max-width: 899px) 100vw, 899px\" \/>\t\t\t\t\t\t\t\t\t\t\t\t\t\t\t<\/div>\n\t\t\t\t<\/div>\n\t\t\t\t<\/div>\n\t\t<div class=\"elementor-element elementor-element-bae05c2 e-con-full e-flex e-con e-child\" data-id=\"bae05c2\" data-element_type=\"container\" data-e-type=\"container\">\n\t\t<div class=\"elementor-element elementor-element-d6edd68 e-con-full e-flex e-con e-child\" data-id=\"d6edd68\" data-element_type=\"container\" data-e-type=\"container\" data-settings=\"{&quot;background_background&quot;:&quot;classic&quot;}\">\n\t\t<div class=\"elementor-element elementor-element-8d37f5d e-con-full e-flex e-con e-child\" data-id=\"8d37f5d\" data-element_type=\"container\" data-e-type=\"container\">\n\t\t\t\t<div class=\"elementor-element elementor-element-9e41935 elementor-widget__width-inherit elementor-widget elementor-widget-cs_title\" data-id=\"9e41935\" data-element_type=\"widget\" data-e-type=\"widget\" data-widget_type=\"cs_title.default\">\n\t\t\t\t<div class=\"elementor-widget-container\">\n\t\t\t\t\t\n        <div class=\"cs-title-wrap\">\t            <h4 class=\"cs-title color-primary\">\n\t                Wandern in Zermatt\t            <\/h4>        <\/div>\t\t\t\t<\/div>\n\t\t\t\t<\/div>\n\t\t\t\t<div class=\"elementor-element elementor-element-0755542 elementor-widget elementor-widget-cs_list\" data-id=\"0755542\" data-element_type=\"widget\" data-e-type=\"widget\" data-widget_type=\"cs_list.default\">\n\t\t\t\t<div class=\"elementor-widget-container\">\n\t\t\t\t\t\n            <ul class=\"cs-list cs-list-type-unordered color-white\">                <li>                        <span class=\"list-icon color-primary\">\n                            <svg aria-hidden=\"true\" class=\"e-font-icon-svg e-fas-plus\" viewbox=\"0 0 448 512\" xmlns=\"http:\/\/www.w3.org\/2000\/svg\"><path d=\"M416 208H272V64c0-17.67-14.33-32-32-32h-32c-17.67 0-32 14.33-32 32v144H32c-17.67 0-32 14.33-32 32v32c0 17.67 14.33 32 32 32h144v144c0 17.67 14.33 32 32 32h32c17.67 0 32-14.33 32-32V304h144c17.67 0 32-14.33 32-32v-32c0-17.67-14.33-32-32-32z\"><\/path><\/svg>                        <\/span>                    <span class=\"list-content\">Wenn Sie auf der Suche nach atemberaubenden Landschaften und unvergesslichen Erlebnissen sind, sollten Wanderungen in Zermatt ganz oben auf Ihrer Reiseroute stehen.&nbsp;<\/span>                <\/li>            <\/ul>\t\t\t\t<\/div>\n\t\t\t\t<\/div>\n\t\t\t\t<div class=\"elementor-element elementor-element-55554f9 elementor-widget elementor-widget-cs_button\" data-id=\"55554f9\" data-element_type=\"widget\" data-e-type=\"widget\" data-widget_type=\"cs_button.default\">\n\t\t\t\t<div class=\"elementor-widget-container\">\n\t\t\t\t\t        <a href=\"https:\/\/stay-zermatt.ch\/de\/zermatt-in-summer\/\" class=\"elementor-button-link button cs-btn-small\" role=\"button\">\n            <span class=\"cs-btn-text\">Mehr lesen<\/span>        <\/a>\t\t\t\t<\/div>\n\t\t\t\t<\/div>\n\t\t\t\t<\/div>\n\t\t\t\t<\/div>\n\t\t\t\t<\/div>\n\t\t\t\t<div class=\"elementor-element elementor-element-ffc8d6f elementor-widget elementor-widget-spacer\" data-id=\"ffc8d6f\" data-element_type=\"widget\" data-e-type=\"widget\" data-widget_type=\"spacer.default\">\n\t\t\t\t<div class=\"elementor-widget-container\">\n\t\t\t\t\t\t\t<div class=\"elementor-spacer\">\n\t\t\t<div class=\"elementor-spacer-inner\"><\/div>\n\t\t<\/div>\n\t\t\t\t\t\t<\/div>\n\t\t\t\t<\/div>\n\t\t<div class=\"elementor-element elementor-element-e0708d6 e-con-full e-flex e-con e-child\" data-id=\"e0708d6\" data-element_type=\"container\" data-e-type=\"container\">\n\t\t\t\t<div class=\"elementor-element elementor-element-147fdf7 animated-fast cs-animation-small-offset elementor-invisible elementor-widget elementor-widget-image\" data-id=\"147fdf7\" data-element_type=\"widget\" data-e-type=\"widget\" data-settings=\"{&quot;_animation&quot;:&quot;fadeInLeft&quot;,&quot;_animation_tablet&quot;:&quot;fadeInUp&quot;}\" data-widget_type=\"image.default\">\n\t\t\t\t<div class=\"elementor-widget-container\">\n\t\t\t\t\t\t\t\t\t\t\t\t\t\t\t<img loading=\"lazy\" decoding=\"async\" width=\"899\" height=\"1024\" src=\"https:\/\/stay-zermatt.ch\/wp-content\/uploads\/2025\/02\/Zermatt-ski-resort_hochformat-899x1024.jpg\" class=\"attachment-large size-large wp-image-4356\" alt=\"group-of-skier-guided-freeride-tour\" srcset=\"https:\/\/stay-zermatt.ch\/wp-content\/uploads\/2025\/02\/Zermatt-ski-resort_hochformat-899x1024.jpg 899w, https:\/\/stay-zermatt.ch\/wp-content\/uploads\/2025\/02\/Zermatt-ski-resort_hochformat-scaled-132x150.jpg 132w, https:\/\/stay-zermatt.ch\/wp-content\/uploads\/2025\/02\/Zermatt-ski-resort_hochformat-600x684.jpg 600w, https:\/\/stay-zermatt.ch\/wp-content\/uploads\/2025\/02\/Zermatt-ski-resort_hochformat-263x300.jpg 263w, https:\/\/stay-zermatt.ch\/wp-content\/uploads\/2025\/02\/Zermatt-ski-resort_hochformat-768x875.jpg 768w, https:\/\/stay-zermatt.ch\/wp-content\/uploads\/2025\/02\/Zermatt-ski-resort_hochformat-1348x1536.jpg 1348w, https:\/\/stay-zermatt.ch\/wp-content\/uploads\/2025\/02\/Zermatt-ski-resort_hochformat-1798x2048.jpg 1798w, https:\/\/stay-zermatt.ch\/wp-content\/uploads\/2025\/02\/Zermatt-ski-resort_hochformat-11x12.jpg 11w, https:\/\/stay-zermatt.ch\/wp-content\/uploads\/2025\/02\/Zermatt-ski-resort_hochformat-1920x2187.jpg 1920w, https:\/\/stay-zermatt.ch\/wp-content\/uploads\/2025\/02\/Zermatt-ski-resort_hochformat-1440x1640.jpg 1440w, https:\/\/stay-zermatt.ch\/wp-content\/uploads\/2025\/02\/Zermatt-ski-resort_hochformat-1200x1367.jpg 1200w, https:\/\/stay-zermatt.ch\/wp-content\/uploads\/2025\/02\/Zermatt-ski-resort_hochformat-780x889.jpg 780w, https:\/\/stay-zermatt.ch\/wp-content\/uploads\/2025\/02\/Zermatt-ski-resort_hochformat-550x627.jpg 550w, https:\/\/stay-zermatt.ch\/wp-content\/uploads\/2025\/02\/Zermatt-ski-resort_hochformat-370x422.jpg 370w, https:\/\/stay-zermatt.ch\/wp-content\/uploads\/2025\/02\/Zermatt-ski-resort_hochformat-255x291.jpg 255w\" sizes=\"(max-width: 899px) 100vw, 899px\" \/>\t\t\t\t\t\t\t\t\t\t\t\t\t\t\t<\/div>\n\t\t\t\t<\/div>\n\t\t\t\t<\/div>\n\t\t<div class=\"elementor-element elementor-element-cfa9ed2 e-con-full e-flex e-con e-child\" data-id=\"cfa9ed2\" data-element_type=\"container\" data-e-type=\"container\">\n\t\t<div class=\"elementor-element elementor-element-088459a e-con-full e-flex e-con e-child\" data-id=\"088459a\" data-element_type=\"container\" data-e-type=\"container\">\n\t\t<div class=\"elementor-element elementor-element-0c61bb6 e-con-full e-flex e-con e-child\" data-id=\"0c61bb6\" data-element_type=\"container\" data-e-type=\"container\" data-settings=\"{&quot;background_background&quot;:&quot;classic&quot;}\">\n\t\t<div class=\"elementor-element elementor-element-da1e60c e-con-full e-flex e-con e-child\" data-id=\"da1e60c\" data-element_type=\"container\" data-e-type=\"container\">\n\t\t\t\t<div class=\"elementor-element elementor-element-9abeac9 elementor-widget__width-inherit elementor-widget elementor-widget-cs_title\" data-id=\"9abeac9\" data-element_type=\"widget\" data-e-type=\"widget\" data-widget_type=\"cs_title.default\">\n\t\t\t\t<div class=\"elementor-widget-container\">\n\t\t\t\t\t\n        <div class=\"cs-title-wrap\">\t            <h4 class=\"cs-title color-primary\">\n\t                Skifahren in Zermatt\t            <\/h4>        <\/div>\t\t\t\t<\/div>\n\t\t\t\t<\/div>\n\t\t\t\t<div class=\"elementor-element elementor-element-4acdcc1 elementor-widget elementor-widget-cs_list\" data-id=\"4acdcc1\" data-element_type=\"widget\" data-e-type=\"widget\" data-widget_type=\"cs_list.default\">\n\t\t\t\t<div class=\"elementor-widget-container\">\n\t\t\t\t\t\n            <ul class=\"cs-list cs-list-type-unordered color-white\">                <li>                        <span class=\"list-icon color-primary\">\n                            <svg aria-hidden=\"true\" class=\"e-font-icon-svg e-fas-plus\" viewbox=\"0 0 448 512\" xmlns=\"http:\/\/www.w3.org\/2000\/svg\"><path d=\"M416 208H272V64c0-17.67-14.33-32-32-32h-32c-17.67 0-32 14.33-32 32v144H32c-17.67 0-32 14.33-32 32v32c0 17.67 14.33 32 32 32h144v144c0 17.67 14.33 32 32 32h32c17.67 0 32-14.33 32-32V304h144c17.67 0 32-14.33 32-32v-32c0-17.67-14.33-32-32-32z\"><\/path><\/svg>                        <\/span>                    <span class=\"list-content\">Wenn Sie von einem unvergesslichen Skiurlaub tr\u00e4umen, ist Zermatt mit seinen herrlichen und vielseitigen Skigebieten genau das Richtige f\u00fcr Sie.<\/span>                <\/li>            <\/ul>\t\t\t\t<\/div>\n\t\t\t\t<\/div>\n\t\t\t\t<div class=\"elementor-element elementor-element-8e3c24b elementor-widget elementor-widget-cs_button\" data-id=\"8e3c24b\" data-element_type=\"widget\" data-e-type=\"widget\" data-widget_type=\"cs_button.default\">\n\t\t\t\t<div class=\"elementor-widget-container\">\n\t\t\t\t\t        <a href=\"https:\/\/stay-zermatt.ch\/de\/zermatt-in-winter\/\" class=\"elementor-button-link button cs-btn-small\" role=\"button\">\n            <span class=\"cs-btn-text\">Mehr lesen<\/span>        <\/a>\t\t\t\t<\/div>\n\t\t\t\t<\/div>\n\t\t\t\t<\/div>\n\t\t\t\t<\/div>\n\t\t\t\t<\/div>\n\t\t\t\t<\/div>\n\t\t\t\t<\/div>\n\t\t\t\t<\/div>\n\t\t\t\t<div class=\"elementor-element elementor-element-aa15925 elementor-widget elementor-widget-spacer\" data-id=\"aa15925\" data-element_type=\"widget\" data-e-type=\"widget\" data-widget_type=\"spacer.default\">\n\t\t\t\t<div class=\"elementor-widget-container\">\n\t\t\t\t\t\t\t<div class=\"elementor-spacer\">\n\t\t\t<div class=\"elementor-spacer-inner\"><\/div>\n\t\t<\/div>\n\t\t\t\t\t\t<\/div>\n\t\t\t\t<\/div>\n\t\t\t\t<div class=\"elementor-element elementor-element-8458050 elementor-widget elementor-widget-cs_title\" data-id=\"8458050\" data-element_type=\"widget\" data-e-type=\"widget\" data-widget_type=\"cs_title.default\">\n\t\t\t\t<div class=\"elementor-widget-container\">\n\t\t\t\t\t\n        <div class=\"cs-title-wrap text-left\">\t            <h3 class=\"cs-title\">\n\t                Nachhaltigkeit und Umweltschutz\t            <\/h3>\t            <div class=\"cs-title-text\">\n\t                <p>Zermatt legt gro\u00dfen Wert auf Nachhaltigkeit. Viele Unterk\u00fcnfte setzen auf umweltfreundliche Praktiken, damit Sie einen umweltbewussten Urlaub genie\u00dfen k\u00f6nnen. Mit einem Aufenthalt in einer Unterkunft in Zermatt k\u00f6nnen Sie die nat\u00fcrliche Sch\u00f6nheit der Region erhalten und gleichzeitig einen positiven Beitrag zum Umweltschutz leisten.<\/p>\t            <\/div>        <\/div>\t\t\t\t<\/div>\n\t\t\t\t<\/div>\n\t\t\t\t\t<\/div>\n\t\t<\/div>\n\t\t\t\t\t<\/div>\n\t\t<\/section>\n\t\t<div class=\"elementor-element elementor-element-2263dcf cs-section-content-fullwidth cs-parallax-on-scroll cs_scroll_y_120 e-flex e-con-boxed e-con e-parent\" data-id=\"2263dcf\" data-element_type=\"container\" data-e-type=\"container\" data-settings=\"{&quot;background_background&quot;:&quot;classic&quot;}\" data-cs-parallax-y=\"120\" style=\"background-image: none;\" data-cs-background-image=\"https:\/\/stay-zermatt.ch\/wp-content\/uploads\/2026\/02\/Skii-Fahren-in-Zermatt-Stay-Zermatt.ch_.webp\" data-cs-background-image-alt-text=\"Skiing in Zermatt with Matterhorn view during a stay at Stay Zermatt accommodation\">\n\t\t\t\t\t<div class=\"e-con-inner\">\n\t\t<div class=\"elementor-element elementor-element-41402b3 dark-color e-con-full e-flex e-con e-child\" data-id=\"41402b3\" data-element_type=\"container\" data-e-type=\"container\" data-settings=\"{&quot;background_background&quot;:&quot;classic&quot;}\">\n\t\t\t\t<div class=\"elementor-element elementor-element-38be263 elementor-widget elementor-widget-cs_testimonials\" data-id=\"38be263\" data-element_type=\"widget\" data-e-type=\"widget\" data-widget_type=\"cs_testimonials.default\">\n\t\t\t\t<div class=\"elementor-widget-container\">\n\t\t\t\t\t\n            <div class=\"cs-testimonials testimonial-style-1 text-center testimonials-slider\" data-column=\"1\" data-autoplay=\"on\" data-autoplay-speed=\"5000\" data-show-arrows=\"on\" data-show-dots=\"on\"><div class=\"cs-ts-wrap\"><div class=\"cs-ts-item\">                    <div class=\"cs-testimonial\">                        <div class=\"cs-testimonial-content\">\"Die Wohnung war einfach ein Traum! Super sauber, alles neu, gem\u00fctlich, mit Sorgfalt gemacht. Sogar mit Blick auf das Matterhorn. Wir haben uns gleich wie zu Hause gef\u00fchlt. Wenn ich nach Zermatt kommen sollte, dann nur dort. 100% Empfehlung! \u2764\ufe0f\u2764\ufe0f\u2764\ufe0f\"<\/div>                        <div class=\"cs-testimonial-meta\">\n                            <div class=\"elementor-testimonial-meta-inner\">                                    <div class=\"elementor-testimonial-image\">\n                                        <img loading=\"lazy\" decoding=\"async\" width=\"150\" height=\"150\" src=\"https:\/\/stay-zermatt.ch\/wp-content\/uploads\/2024\/10\/test-2-150x150.jpg\" class=\"attachment-thumbnail size-thumbnail wp-image-2924\" alt=\"\" srcset=\"https:\/\/stay-zermatt.ch\/wp-content\/uploads\/2024\/10\/test-2-150x150.jpg 150w, https:\/\/stay-zermatt.ch\/wp-content\/uploads\/2024\/10\/test-2-300x300.jpg 300w, https:\/\/stay-zermatt.ch\/wp-content\/uploads\/2024\/10\/test-2-600x600.jpg 600w\" sizes=\"(max-width: 150px) 100vw, 150px\" \/>                                    <\/div>\t                                <div class=\"elementor-testimonial-details\">\t                                    <div class=\"elementor-testimonial-name\">Mariusz<\/div>\t                                    <div class=\"elementor-testimonial-job\">Deutschland | Bewertung auf Booking.com<\/div>\t\t\t\t\t\t\t\t\t<\/div>                            <\/div>\n                        <\/div>                    <\/div><\/div><div class=\"cs-ts-item\">                    <div class=\"cs-testimonial\">                        <div class=\"cs-testimonial-content\">\"Sehr gro\u00dfes Chalet, super gem\u00fctlich mit Blick auf das Matterhorn.\"<\/div>                        <div class=\"cs-testimonial-meta\">\n                            <div class=\"elementor-testimonial-meta-inner\">                                    <div class=\"elementor-testimonial-image\">\n                                        <img loading=\"lazy\" decoding=\"async\" width=\"150\" height=\"150\" src=\"https:\/\/stay-zermatt.ch\/wp-content\/uploads\/2025\/02\/Chalet-Turquino-Zermatt-scaled-1-150x150.jpg\" class=\"attachment-thumbnail size-thumbnail wp-image-4267\" alt=\"Stay Zermatt \u2013 Chalet accommodation in Zermatt with Matterhorn mountain view\" srcset=\"https:\/\/stay-zermatt.ch\/wp-content\/uploads\/2025\/02\/Chalet-Turquino-Zermatt-scaled-1-150x150.jpg 150w, https:\/\/stay-zermatt.ch\/wp-content\/uploads\/2025\/02\/Chalet-Turquino-Zermatt-scaled-1-300x300.jpg 300w, https:\/\/stay-zermatt.ch\/wp-content\/uploads\/2025\/02\/Chalet-Turquino-Zermatt-scaled-1-600x600.jpg 600w\" sizes=\"(max-width: 150px) 100vw, 150px\" \/>                                    <\/div>\t                                <div class=\"elementor-testimonial-details\">\t                                    <div class=\"elementor-testimonial-name\">Jean-Christophe<\/div>\t                                    <div class=\"elementor-testimonial-job\">Frankreich | Bewertung auf Booking.com<\/div>\t\t\t\t\t\t\t\t\t<\/div>                            <\/div>\n                        <\/div>                    <\/div><\/div><div class=\"cs-ts-item\">                    <div class=\"cs-testimonial\">                        <div class=\"cs-testimonial-content\">\"Es war ein angenehmer Aufenthalt. W\u00fcrde sehr empfehlen. Wir haben ein Foto vom Matterhorn durch das Dachfenster unseres Zimmers gemacht! Das Hotel liegt in der historischen Altstadt von Zermatt, nur wenige Schritte von Einkaufsm\u00f6glichkeiten, Restaurants und Clubs entfernt, und der Bahnhof ist leicht zu Fu\u00df zu erreichen.\"<\/div>                        <div class=\"cs-testimonial-meta\">\n                            <div class=\"elementor-testimonial-meta-inner\">                                    <div class=\"elementor-testimonial-image\">\n                                        <img loading=\"lazy\" decoding=\"async\" width=\"150\" height=\"150\" src=\"https:\/\/stay-zermatt.ch\/wp-content\/uploads\/2024\/10\/test-1-150x150.jpg\" class=\"attachment-thumbnail size-thumbnail wp-image-2925\" alt=\"Villa Emanuel unique maisonette apartment in the heart of Zermatt\" srcset=\"https:\/\/stay-zermatt.ch\/wp-content\/uploads\/2024\/10\/test-1-150x150.jpg 150w, https:\/\/stay-zermatt.ch\/wp-content\/uploads\/2024\/10\/test-1-300x300.jpg 300w\" sizes=\"(max-width: 150px) 100vw, 150px\" \/>                                    <\/div>\t                                <div class=\"elementor-testimonial-details\">\t                                    <div class=\"elementor-testimonial-name\">Julia<\/div>\t                                    <div class=\"elementor-testimonial-job\">USA | Bewertung auf Booking.com<\/div>\t\t\t\t\t\t\t\t\t<\/div>                            <\/div>\n                        <\/div>                    <\/div><\/div><div class=\"cs-ts-item\">                    <div class=\"cs-testimonial\">                        <div class=\"cs-testimonial-content\">\"Ich konnte ein wunderbar erholsames Winterwochenende in einem bezaubernden Studio verbringen! Der Balkon ist wundersch\u00f6n und bietet einen fantastischen Blick auf das Matterhorn. Und die K\u00fcche war mit einer Nespresso-Kaffeemaschine mit Kapseln sowie zahlreichen K\u00fcchenutensilien ausgestattet.\"<\/div>                        <div class=\"cs-testimonial-meta\">\n                            <div class=\"elementor-testimonial-meta-inner\">                                    <div class=\"elementor-testimonial-image\">\n                                        <img loading=\"lazy\" decoding=\"async\" width=\"150\" height=\"150\" src=\"https:\/\/stay-zermatt.ch\/wp-content\/uploads\/2024\/10\/test-2-150x150.jpg\" class=\"attachment-thumbnail size-thumbnail wp-image-2924\" alt=\"\" srcset=\"https:\/\/stay-zermatt.ch\/wp-content\/uploads\/2024\/10\/test-2-150x150.jpg 150w, https:\/\/stay-zermatt.ch\/wp-content\/uploads\/2024\/10\/test-2-300x300.jpg 300w, https:\/\/stay-zermatt.ch\/wp-content\/uploads\/2024\/10\/test-2-600x600.jpg 600w\" sizes=\"(max-width: 150px) 100vw, 150px\" \/>                                    <\/div>\t                                <div class=\"elementor-testimonial-details\">\t                                    <div class=\"elementor-testimonial-name\">Bettina<\/div>\t                                    <div class=\"elementor-testimonial-job\">Schweiz | Bewertung auf Booking.com<\/div>\t\t\t\t\t\t\t\t\t<\/div>                            <\/div>\n                        <\/div>                    <\/div><\/div><div class=\"cs-ts-item\">                    <div class=\"cs-testimonial\">                        <div class=\"cs-testimonial-content\">\"Check-in bei Interhome (gegen\u00fcber Migros) war schnell und unkompliziert. Mit dem Taxi zur Winkelmattenkapelle gefahren. Das Chalet ist sehr ruhig und sch\u00f6n gelegen. Die Wohnung ist einfach eingerichtet, hatte aber alles, was man braucht. Wir w\u00fcrden gerne wieder kommen.\"<\/div>                        <div class=\"cs-testimonial-meta\">\n                            <div class=\"elementor-testimonial-meta-inner\">                                    <div class=\"elementor-testimonial-image\">\n                                        <img loading=\"lazy\" decoding=\"async\" width=\"150\" height=\"150\" src=\"https:\/\/stay-zermatt.ch\/wp-content\/uploads\/2025\/02\/Chalet-Turquino-Zermatt-scaled-1-150x150.jpg\" class=\"attachment-thumbnail size-thumbnail wp-image-4267\" alt=\"Stay Zermatt \u2013 Chalet accommodation in Zermatt with Matterhorn mountain view\" srcset=\"https:\/\/stay-zermatt.ch\/wp-content\/uploads\/2025\/02\/Chalet-Turquino-Zermatt-scaled-1-150x150.jpg 150w, https:\/\/stay-zermatt.ch\/wp-content\/uploads\/2025\/02\/Chalet-Turquino-Zermatt-scaled-1-300x300.jpg 300w, https:\/\/stay-zermatt.ch\/wp-content\/uploads\/2025\/02\/Chalet-Turquino-Zermatt-scaled-1-600x600.jpg 600w\" sizes=\"(max-width: 150px) 100vw, 150px\" \/>                                    <\/div>\t                                <div class=\"elementor-testimonial-details\">\t                                    <div class=\"elementor-testimonial-name\">Zinz<\/div>\t                                    <div class=\"elementor-testimonial-job\">Schweiz | Bewertung auf Booking.com<\/div>\t\t\t\t\t\t\t\t\t<\/div>                            <\/div>\n                        <\/div>                    <\/div><\/div><div class=\"cs-ts-item\">                    <div class=\"cs-testimonial\">                        <div class=\"cs-testimonial-content\">\"Eine sch\u00f6ne, saubere und zentral gelegene Wohnung im Herzen von Zermatt! Die Wohnung liegt im Herzen von Zermatt in Gehdistanz zur Sunneggabahn, Restaurants und Pubs. Die Wohnung ist ger\u00e4umig auf zwei Etagen und hat einen originellen Grundriss mit einem Bar-Element und einem tollen Blick auf den Sternenhimmel vom Badezimmer aus. Die Bar im ersten Stock hat mich nicht gest\u00f6rt.\"<\/div>                        <div class=\"cs-testimonial-meta\">\n                            <div class=\"elementor-testimonial-meta-inner\">                                    <div class=\"elementor-testimonial-image\">\n                                        <img loading=\"lazy\" decoding=\"async\" width=\"150\" height=\"150\" src=\"https:\/\/stay-zermatt.ch\/wp-content\/uploads\/2024\/10\/test-1-150x150.jpg\" class=\"attachment-thumbnail size-thumbnail wp-image-2925\" alt=\"Villa Emanuel unique maisonette apartment in the heart of Zermatt\" srcset=\"https:\/\/stay-zermatt.ch\/wp-content\/uploads\/2024\/10\/test-1-150x150.jpg 150w, https:\/\/stay-zermatt.ch\/wp-content\/uploads\/2024\/10\/test-1-300x300.jpg 300w\" sizes=\"(max-width: 150px) 100vw, 150px\" \/>                                    <\/div>\t                                <div class=\"elementor-testimonial-details\">\t                                    <div class=\"elementor-testimonial-name\">Christophe<\/div>\t                                    <div class=\"elementor-testimonial-job\">Schweiz | Bewertung auf Booking.com<\/div>\t\t\t\t\t\t\t\t\t<\/div>                            <\/div>\n                        <\/div>                    <\/div><\/div><\/div>            <\/div>\t\t\t\t<\/div>\n\t\t\t\t<\/div>\n\t\t\t\t<\/div>\n\t\t\t\t\t<\/div>\n\t\t\t\t<\/div>\n\t\t<div class=\"elementor-element elementor-element-5e138cc e-flex e-con-boxed e-con e-parent\" data-id=\"5e138cc\" data-element_type=\"container\" data-e-type=\"container\">\n\t\t\t\t\t<div class=\"e-con-inner\">\n\t\t\t\t<div class=\"elementor-element elementor-element-96c97ca elementor-widget elementor-widget-spacer\" data-id=\"96c97ca\" data-element_type=\"widget\" data-e-type=\"widget\" data-widget_type=\"spacer.default\">\n\t\t\t\t<div class=\"elementor-widget-container\">\n\t\t\t\t\t\t\t<div class=\"elementor-spacer\">\n\t\t\t<div class=\"elementor-spacer-inner\"><\/div>\n\t\t<\/div>\n\t\t\t\t\t\t<\/div>\n\t\t\t\t<\/div>\n\t\t\t\t<div class=\"elementor-element elementor-element-557524a elementor-widget elementor-widget-cs_title\" data-id=\"557524a\" data-element_type=\"widget\" data-e-type=\"widget\" data-widget_type=\"cs_title.default\">\n\t\t\t\t<div class=\"elementor-widget-container\">\n\t\t\t\t\t\n        <div class=\"cs-title-wrap text-center\">\t            <div class=\"cs-subtitle-wrap\"><span class=\"cs-subtitle\">M\u00f6chten Sie auf dem Laufenden bleiben?<\/span><\/div>\t            <h2 class=\"cs-title\">\n\t                Bleiben Sie mit uns in Kontakt!\t            <\/h2>        <\/div>\t\t\t\t<\/div>\n\t\t\t\t<\/div>\n\t\t\t\t<div class=\"elementor-element elementor-element-9aa538a elementor-widget elementor-widget-spacer\" data-id=\"9aa538a\" data-element_type=\"widget\" data-e-type=\"widget\" data-widget_type=\"spacer.default\">\n\t\t\t\t<div class=\"elementor-widget-container\">\n\t\t\t\t\t\t\t<div class=\"elementor-spacer\">\n\t\t\t<div class=\"elementor-spacer-inner\"><\/div>\n\t\t<\/div>\n\t\t\t\t\t\t<\/div>\n\t\t\t\t<\/div>\n\t\t\t\t\t<\/div>\n\t\t\t\t<\/div>\n\t\t<div class=\"elementor-element elementor-element-1116e6b e-flex e-con-boxed e-con e-parent\" data-id=\"1116e6b\" data-element_type=\"container\" data-e-type=\"container\" data-settings=\"{&quot;background_background&quot;:&quot;classic&quot;}\">\n\t\t\t\t\t<div class=\"e-con-inner\">\n\t\t<div class=\"elementor-element elementor-element-38d4799 e-con-full e-flex e-con e-child\" data-id=\"38d4799\" data-element_type=\"container\" data-e-type=\"container\">\n\t\t\t\t<div class=\"elementor-element elementor-element-f679b79 elementor-widget-mobile__width-inherit elementor-widget elementor-widget-image\" data-id=\"f679b79\" data-element_type=\"widget\" data-e-type=\"widget\" data-widget_type=\"image.default\">\n\t\t\t\t<div class=\"elementor-widget-container\">\n\t\t\t\t\t\t\t\t\t\t\t\t\t\t\t\t<a href=\"https:\/\/turquino-zermatt.ch\" target=\"_blank\">\n\t\t\t\t\t\t\t<img loading=\"lazy\" decoding=\"async\" width=\"300\" height=\"300\" src=\"https:\/\/stay-zermatt.ch\/wp-content\/uploads\/2025\/02\/Social-Media-Turquino.jpg\" class=\"attachment-medium size-medium wp-image-4526\" alt=\"Stay Zermatt \u2013 Chalet accommodation in Zermatt with Matterhorn mountain view\" srcset=\"https:\/\/stay-zermatt.ch\/wp-content\/uploads\/2025\/02\/Social-Media-Turquino.jpg 300w, https:\/\/stay-zermatt.ch\/wp-content\/uploads\/2025\/02\/Social-Media-Turquino-150x150.jpg 150w, https:\/\/stay-zermatt.ch\/wp-content\/uploads\/2025\/02\/Social-Media-Turquino-12x12.jpg 12w, https:\/\/stay-zermatt.ch\/wp-content\/uploads\/2025\/02\/Social-Media-Turquino-255x255.jpg 255w\" sizes=\"(max-width: 300px) 100vw, 300px\" \/>\t\t\t\t\t\t\t\t<\/a>\n\t\t\t\t\t\t\t\t\t\t\t\t\t\t\t<\/div>\n\t\t\t\t<\/div>\n\t\t\t\t<div class=\"elementor-element elementor-element-d1b131f elementor-widget elementor-widget-cs_title\" data-id=\"d1b131f\" data-element_type=\"widget\" data-e-type=\"widget\" data-widget_type=\"cs_title.default\">\n\t\t\t\t<div class=\"elementor-widget-container\">\n\t\t\t\t\t\n        <div class=\"cs-title-wrap text-center\">\t            <div class=\"cs-subtitle-wrap\"><span class=\"cs-subtitle\">Chalet Turquino<\/span><\/div>        <\/div>\t\t\t\t<\/div>\n\t\t\t\t<\/div>\n\t\t<div class=\"elementor-element elementor-element-44c761e e-grid e-con-full e-con e-child\" data-id=\"44c761e\" data-element_type=\"container\" data-e-type=\"container\">\n\t\t\t\t<div class=\"elementor-element elementor-element-eec4f43 elementor-view-default elementor-widget elementor-widget-icon\" data-id=\"eec4f43\" data-element_type=\"widget\" data-e-type=\"widget\" data-widget_type=\"icon.default\">\n\t\t\t\t<div class=\"elementor-widget-container\">\n\t\t\t\t\t\t\t<div class=\"elementor-icon-wrapper\">\n\t\t\t<a class=\"elementor-icon\" href=\"https:\/\/www.instagram.com\/alpinechaletturquino\/\" target=\"_blank\">\n\t\t\t<svg aria-hidden=\"true\" class=\"e-font-icon-svg e-fab-instagram\" viewbox=\"0 0 448 512\" xmlns=\"http:\/\/www.w3.org\/2000\/svg\"><path d=\"M224.1 141c-63.6 0-114.9 51.3-114.9 114.9s51.3 114.9 114.9 114.9S339 319.5 339 255.9 287.7 141 224.1 141zm0 189.6c-41.1 0-74.7-33.5-74.7-74.7s33.5-74.7 74.7-74.7 74.7 33.5 74.7 74.7-33.6 74.7-74.7 74.7zm146.4-194.3c0 14.9-12 26.8-26.8 26.8-14.9 0-26.8-12-26.8-26.8s12-26.8 26.8-26.8 26.8 12 26.8 26.8zm76.1 27.2c-1.7-35.9-9.9-67.7-36.2-93.9-26.2-26.2-58-34.4-93.9-36.2-37-2.1-147.9-2.1-184.9 0-35.8 1.7-67.6 9.9-93.9 36.1s-34.4 58-36.2 93.9c-2.1 37-2.1 147.9 0 184.9 1.7 35.9 9.9 67.7 36.2 93.9s58 34.4 93.9 36.2c37 2.1 147.9 2.1 184.9 0 35.9-1.7 67.7-9.9 93.9-36.2 26.2-26.2 34.4-58 36.2-93.9 2.1-37 2.1-147.8 0-184.8zM398.8 388c-7.8 19.6-22.9 34.7-42.6 42.6-29.5 11.7-99.5 9-132.1 9s-102.7 2.6-132.1-9c-19.6-7.8-34.7-22.9-42.6-42.6-11.7-29.5-9-99.5-9-132.1s-2.6-102.7 9-132.1c7.8-19.6 22.9-34.7 42.6-42.6 29.5-11.7 99.5-9 132.1-9s102.7-2.6 132.1 9c19.6 7.8 34.7 22.9 42.6 42.6 11.7 29.5 9 99.5 9 132.1s2.7 102.7-9 132.1z\"><\/path><\/svg>\t\t\t<\/a>\n\t\t<\/div>\n\t\t\t\t\t\t<\/div>\n\t\t\t\t<\/div>\n\t\t\t\t<div class=\"elementor-element elementor-element-43e6d75 elementor-view-default elementor-widget elementor-widget-icon\" data-id=\"43e6d75\" data-element_type=\"widget\" data-e-type=\"widget\" data-widget_type=\"icon.default\">\n\t\t\t\t<div class=\"elementor-widget-container\">\n\t\t\t\t\t\t\t<div class=\"elementor-icon-wrapper\">\n\t\t\t<a class=\"elementor-icon\" href=\"https:\/\/www.facebook.com\/TurquinoZermatt\" target=\"_blank\">\n\t\t\t<svg aria-hidden=\"true\" class=\"e-font-icon-svg e-fab-facebook-f\" viewbox=\"0 0 320 512\" xmlns=\"http:\/\/www.w3.org\/2000\/svg\"><path d=\"M279.14 288l14.22-92.66h-88.91v-60.13c0-25.35 12.42-50.06 52.24-50.06h40.42V6.26S260.43 0 225.36 0c-73.22 0-121.08 44.38-121.08 124.72v70.62H22.89V288h81.39v224h100.17V288z\"><\/path><\/svg>\t\t\t<\/a>\n\t\t<\/div>\n\t\t\t\t\t\t<\/div>\n\t\t\t\t<\/div>\n\t\t\t\t<\/div>\n\t\t\t\t<\/div>\n\t\t<div class=\"elementor-element elementor-element-366c834 e-con-full e-flex e-con e-child\" data-id=\"366c834\" data-element_type=\"container\" data-e-type=\"container\">\n\t\t\t\t<div class=\"elementor-element elementor-element-3a20ac5 elementor-widget elementor-widget-image\" data-id=\"3a20ac5\" data-element_type=\"widget\" data-e-type=\"widget\" data-widget_type=\"image.default\">\n\t\t\t\t<div class=\"elementor-widget-container\">\n\t\t\t\t\t\t\t\t\t\t\t\t\t\t\t\t<a href=\"https:\/\/www.patricia-zermahttps:\/\/www.patricia-zermatt.chtt.ch\" target=\"_blank\">\n\t\t\t\t\t\t\t<img loading=\"lazy\" decoding=\"async\" width=\"300\" height=\"300\" src=\"https:\/\/stay-zermatt.ch\/wp-content\/uploads\/2025\/02\/Social-Media-Patricia.jpg\" class=\"attachment-medium size-medium wp-image-4518\" alt=\"Living room Residenz Patricia Appartments in Zermatt\" srcset=\"https:\/\/stay-zermatt.ch\/wp-content\/uploads\/2025\/02\/Social-Media-Patricia.jpg 300w, https:\/\/stay-zermatt.ch\/wp-content\/uploads\/2025\/02\/Social-Media-Patricia-150x150.jpg 150w, https:\/\/stay-zermatt.ch\/wp-content\/uploads\/2025\/02\/Social-Media-Patricia-12x12.jpg 12w, https:\/\/stay-zermatt.ch\/wp-content\/uploads\/2025\/02\/Social-Media-Patricia-255x255.jpg 255w\" sizes=\"(max-width: 300px) 100vw, 300px\" \/>\t\t\t\t\t\t\t\t<\/a>\n\t\t\t\t\t\t\t\t\t\t\t\t\t\t\t<\/div>\n\t\t\t\t<\/div>\n\t\t\t\t<div class=\"elementor-element elementor-element-23240ca elementor-widget elementor-widget-cs_title\" data-id=\"23240ca\" data-element_type=\"widget\" data-e-type=\"widget\" data-widget_type=\"cs_title.default\">\n\t\t\t\t<div class=\"elementor-widget-container\">\n\t\t\t\t\t\n        <div class=\"cs-title-wrap text-center\">\t            <div class=\"cs-subtitle-wrap\"><span class=\"cs-subtitle\">Residence Patricia<\/span><\/div>        <\/div>\t\t\t\t<\/div>\n\t\t\t\t<\/div>\n\t\t<div class=\"elementor-element elementor-element-9eef9b2 e-grid e-con-full e-con e-child\" data-id=\"9eef9b2\" data-element_type=\"container\" data-e-type=\"container\">\n\t\t\t\t<div class=\"elementor-element elementor-element-8dafd8f elementor-view-default elementor-widget elementor-widget-icon\" data-id=\"8dafd8f\" data-element_type=\"widget\" data-e-type=\"widget\" data-widget_type=\"icon.default\">\n\t\t\t\t<div class=\"elementor-widget-container\">\n\t\t\t\t\t\t\t<div class=\"elementor-icon-wrapper\">\n\t\t\t<a class=\"elementor-icon\" href=\"https:\/\/www.instagram.com\/residencepatriciazermatt\/\" target=\"_blank\">\n\t\t\t<svg aria-hidden=\"true\" class=\"e-font-icon-svg e-fab-instagram\" viewbox=\"0 0 448 512\" xmlns=\"http:\/\/www.w3.org\/2000\/svg\"><path d=\"M224.1 141c-63.6 0-114.9 51.3-114.9 114.9s51.3 114.9 114.9 114.9S339 319.5 339 255.9 287.7 141 224.1 141zm0 189.6c-41.1 0-74.7-33.5-74.7-74.7s33.5-74.7 74.7-74.7 74.7 33.5 74.7 74.7-33.6 74.7-74.7 74.7zm146.4-194.3c0 14.9-12 26.8-26.8 26.8-14.9 0-26.8-12-26.8-26.8s12-26.8 26.8-26.8 26.8 12 26.8 26.8zm76.1 27.2c-1.7-35.9-9.9-67.7-36.2-93.9-26.2-26.2-58-34.4-93.9-36.2-37-2.1-147.9-2.1-184.9 0-35.8 1.7-67.6 9.9-93.9 36.1s-34.4 58-36.2 93.9c-2.1 37-2.1 147.9 0 184.9 1.7 35.9 9.9 67.7 36.2 93.9s58 34.4 93.9 36.2c37 2.1 147.9 2.1 184.9 0 35.9-1.7 67.7-9.9 93.9-36.2 26.2-26.2 34.4-58 36.2-93.9 2.1-37 2.1-147.8 0-184.8zM398.8 388c-7.8 19.6-22.9 34.7-42.6 42.6-29.5 11.7-99.5 9-132.1 9s-102.7 2.6-132.1-9c-19.6-7.8-34.7-22.9-42.6-42.6-11.7-29.5-9-99.5-9-132.1s-2.6-102.7 9-132.1c7.8-19.6 22.9-34.7 42.6-42.6 29.5-11.7 99.5-9 132.1-9s102.7-2.6 132.1 9c19.6 7.8 34.7 22.9 42.6 42.6 11.7 29.5 9 99.5 9 132.1s2.7 102.7-9 132.1z\"><\/path><\/svg>\t\t\t<\/a>\n\t\t<\/div>\n\t\t\t\t\t\t<\/div>\n\t\t\t\t<\/div>\n\t\t\t\t<div class=\"elementor-element elementor-element-bf1b3bb elementor-view-default elementor-widget elementor-widget-icon\" data-id=\"bf1b3bb\" data-element_type=\"widget\" data-e-type=\"widget\" data-widget_type=\"icon.default\">\n\t\t\t\t<div class=\"elementor-widget-container\">\n\t\t\t\t\t\t\t<div class=\"elementor-icon-wrapper\">\n\t\t\t<a class=\"elementor-icon\" href=\"https:\/\/www.facebook.com\/patriciazermatt\" target=\"_blank\">\n\t\t\t<svg aria-hidden=\"true\" class=\"e-font-icon-svg e-fab-facebook-f\" viewbox=\"0 0 320 512\" xmlns=\"http:\/\/www.w3.org\/2000\/svg\"><path d=\"M279.14 288l14.22-92.66h-88.91v-60.13c0-25.35 12.42-50.06 52.24-50.06h40.42V6.26S260.43 0 225.36 0c-73.22 0-121.08 44.38-121.08 124.72v70.62H22.89V288h81.39v224h100.17V288z\"><\/path><\/svg>\t\t\t<\/a>\n\t\t<\/div>\n\t\t\t\t\t\t<\/div>\n\t\t\t\t<\/div>\n\t\t\t\t<\/div>\n\t\t\t\t<\/div>\n\t\t<div class=\"elementor-element elementor-element-a05bfb3 e-con-full e-flex e-con e-child\" data-id=\"a05bfb3\" data-element_type=\"container\" data-e-type=\"container\">\n\t\t\t\t<div class=\"elementor-element elementor-element-afad9e3 elementor-widget elementor-widget-image\" data-id=\"afad9e3\" data-element_type=\"widget\" data-e-type=\"widget\" data-widget_type=\"image.default\">\n\t\t\t\t<div class=\"elementor-widget-container\">\n\t\t\t\t\t\t\t\t\t\t\t\t\t\t\t\t<a href=\"https:\/\/emanuel-zermatt.ch\" target=\"_blank\">\n\t\t\t\t\t\t\t<img loading=\"lazy\" decoding=\"async\" width=\"300\" height=\"300\" src=\"https:\/\/stay-zermatt.ch\/wp-content\/uploads\/2025\/02\/Social-Media-Emanuel.jpg\" class=\"attachment-medium size-medium wp-image-4519\" alt=\"Villa Emanuel unique maisonette apartment in the heart of Zermatt\" srcset=\"https:\/\/stay-zermatt.ch\/wp-content\/uploads\/2025\/02\/Social-Media-Emanuel.jpg 300w, https:\/\/stay-zermatt.ch\/wp-content\/uploads\/2025\/02\/Social-Media-Emanuel-150x150.jpg 150w, https:\/\/stay-zermatt.ch\/wp-content\/uploads\/2025\/02\/Social-Media-Emanuel-12x12.jpg 12w, https:\/\/stay-zermatt.ch\/wp-content\/uploads\/2025\/02\/Social-Media-Emanuel-255x255.jpg 255w\" sizes=\"(max-width: 300px) 100vw, 300px\" \/>\t\t\t\t\t\t\t\t<\/a>\n\t\t\t\t\t\t\t\t\t\t\t\t\t\t\t<\/div>\n\t\t\t\t<\/div>\n\t\t\t\t<div class=\"elementor-element elementor-element-6c11eba elementor-widget elementor-widget-cs_title\" data-id=\"6c11eba\" data-element_type=\"widget\" data-e-type=\"widget\" data-widget_type=\"cs_title.default\">\n\t\t\t\t<div class=\"elementor-widget-container\">\n\t\t\t\t\t\n        <div class=\"cs-title-wrap text-center\">\t            <div class=\"cs-subtitle-wrap\"><span class=\"cs-subtitle\">Villa Emanuel<\/span><\/div>        <\/div>\t\t\t\t<\/div>\n\t\t\t\t<\/div>\n\t\t\t\t<div class=\"elementor-element elementor-element-6611455 elementor-view-default elementor-widget elementor-widget-icon\" data-id=\"6611455\" data-element_type=\"widget\" data-e-type=\"widget\" data-widget_type=\"icon.default\">\n\t\t\t\t<div class=\"elementor-widget-container\">\n\t\t\t\t\t\t\t<div class=\"elementor-icon-wrapper\">\n\t\t\t<a class=\"elementor-icon\" href=\"https:\/\/www.instagram.com\/villa_emanuel_zermatt\/\" target=\"_blank\">\n\t\t\t<svg aria-hidden=\"true\" class=\"e-font-icon-svg e-fab-instagram\" viewbox=\"0 0 448 512\" xmlns=\"http:\/\/www.w3.org\/2000\/svg\"><path d=\"M224.1 141c-63.6 0-114.9 51.3-114.9 114.9s51.3 114.9 114.9 114.9S339 319.5 339 255.9 287.7 141 224.1 141zm0 189.6c-41.1 0-74.7-33.5-74.7-74.7s33.5-74.7 74.7-74.7 74.7 33.5 74.7 74.7-33.6 74.7-74.7 74.7zm146.4-194.3c0 14.9-12 26.8-26.8 26.8-14.9 0-26.8-12-26.8-26.8s12-26.8 26.8-26.8 26.8 12 26.8 26.8zm76.1 27.2c-1.7-35.9-9.9-67.7-36.2-93.9-26.2-26.2-58-34.4-93.9-36.2-37-2.1-147.9-2.1-184.9 0-35.8 1.7-67.6 9.9-93.9 36.1s-34.4 58-36.2 93.9c-2.1 37-2.1 147.9 0 184.9 1.7 35.9 9.9 67.7 36.2 93.9s58 34.4 93.9 36.2c37 2.1 147.9 2.1 184.9 0 35.9-1.7 67.7-9.9 93.9-36.2 26.2-26.2 34.4-58 36.2-93.9 2.1-37 2.1-147.8 0-184.8zM398.8 388c-7.8 19.6-22.9 34.7-42.6 42.6-29.5 11.7-99.5 9-132.1 9s-102.7 2.6-132.1-9c-19.6-7.8-34.7-22.9-42.6-42.6-11.7-29.5-9-99.5-9-132.1s-2.6-102.7 9-132.1c7.8-19.6 22.9-34.7 42.6-42.6 29.5-11.7 99.5-9 132.1-9s102.7-2.6 132.1 9c19.6 7.8 34.7 22.9 42.6 42.6 11.7 29.5 9 99.5 9 132.1s2.7 102.7-9 132.1z\"><\/path><\/svg>\t\t\t<\/a>\n\t\t<\/div>\n\t\t\t\t\t\t<\/div>\n\t\t\t\t<\/div>\n\t\t\t\t<\/div>\n\t\t\t\t\t<\/div>\n\t\t\t\t<\/div>\n\t\t<div class=\"elementor-element elementor-element-ea28a9d e-flex e-con-boxed e-con e-parent\" data-id=\"ea28a9d\" data-element_type=\"container\" data-e-type=\"container\">\n\t\t\t\t\t<div class=\"e-con-inner\">\n\t\t\t\t<div class=\"elementor-element elementor-element-0af3856 elementor-widget elementor-widget-spacer\" data-id=\"0af3856\" data-element_type=\"widget\" data-e-type=\"widget\" data-widget_type=\"spacer.default\">\n\t\t\t\t<div class=\"elementor-widget-container\">\n\t\t\t\t\t\t\t<div class=\"elementor-spacer\">\n\t\t\t<div class=\"elementor-spacer-inner\"><\/div>\n\t\t<\/div>\n\t\t\t\t\t\t<\/div>\n\t\t\t\t<\/div>\n\t\t\t\t\t<\/div>\n\t\t\t\t<\/div>\n\t\t<div class=\"elementor-element elementor-element-b25ca37 e-con-full e-flex e-con e-parent\" data-id=\"b25ca37\" data-element_type=\"container\" data-e-type=\"container\">\n\t\t<div class=\"elementor-element elementor-element-b855a90 e-grid e-con-full e-con e-child\" data-id=\"b855a90\" data-element_type=\"container\" data-e-type=\"container\" data-settings=\"{&quot;background_background&quot;:&quot;classic&quot;}\">\n\t\t\t\t<div class=\"elementor-element elementor-element-c11294e elementor-widget elementor-widget-google_maps\" data-id=\"c11294e\" data-element_type=\"widget\" data-e-type=\"widget\" data-widget_type=\"google_maps.default\">\n\t\t\t\t<div class=\"elementor-widget-container\">\n\t\t\t\t\t\t\t<div class=\"elementor-custom-embed\">\n\t\t\t<iframe loading=\"lazy\"\n\t\t\t\t\tsrc=\"https:\/\/maps.google.com\/maps?q=Alpine%20Chalet%20Turquino%20Zermatt&#038;t=m&#038;z=16&#038;output=embed&#038;iwloc=near\"\n\t\t\t\t\ttitle=\"Alpines Chalet Turquino Zermatt\"\n\t\t\t\t\taria-label=\"Alpines Chalet Turquino Zermatt\"\n\t\t\t><\/iframe>\n\t\t<\/div>\n\t\t\t\t\t\t<\/div>\n\t\t\t\t<\/div>\n\t\t\t\t<div class=\"elementor-element elementor-element-baeb32b elementor-widget elementor-widget-google_maps\" data-id=\"baeb32b\" data-element_type=\"widget\" data-e-type=\"widget\" data-widget_type=\"google_maps.default\">\n\t\t\t\t<div class=\"elementor-widget-container\">\n\t\t\t\t\t\t\t<div class=\"elementor-custom-embed\">\n\t\t\t<iframe loading=\"lazy\"\n\t\t\t\t\tsrc=\"https:\/\/maps.google.com\/maps?q=Residence%20Patricia%20Zermatt&#038;t=m&#038;z=16&#038;output=embed&#038;iwloc=near\"\n\t\t\t\t\ttitle=\"Residenz Patricia Zermatt\"\n\t\t\t\t\taria-label=\"Residenz Patricia Zermatt\"\n\t\t\t><\/iframe>\n\t\t<\/div>\n\t\t\t\t\t\t<\/div>\n\t\t\t\t<\/div>\n\t\t\t\t<div class=\"elementor-element elementor-element-ce25551 elementor-widget elementor-widget-google_maps\" data-id=\"ce25551\" data-element_type=\"widget\" data-e-type=\"widget\" data-widget_type=\"google_maps.default\">\n\t\t\t\t<div class=\"elementor-widget-container\">\n\t\t\t\t\t\t\t<div class=\"elementor-custom-embed\">\n\t\t\t<iframe loading=\"lazy\"\n\t\t\t\t\tsrc=\"https:\/\/maps.google.com\/maps?q=Villa%20Emanuel%20Zermatt&#038;t=m&#038;z=17&#038;output=embed&#038;iwloc=near\"\n\t\t\t\t\ttitle=\"Villa Emanuel Zermatt\"\n\t\t\t\t\taria-label=\"Villa Emanuel Zermatt\"\n\t\t\t><\/iframe>\n\t\t<\/div>\n\t\t\t\t\t\t<\/div>\n\t\t\t\t<\/div>\n\t\t\t\t<\/div>\n\t\t\t\t<\/div>\n\t\t\t\t<\/div>","protected":false},"excerpt":{"rendered":"<p>Ihr Traumurlaub in den Schweizer Alpen Unsere Unterk\u00fcnfte in Zermatt Wenn Sie auf der Suche nach einem unvergesslichen Urlaub in den Schweizer Bergen sind, ist eine Unterkunft in Zermatt der perfekte Ausgangspunkt. Mit seinen charmanten Stra\u00dfen, dem Weltklasse-Skigebiet und den k\u00f6stlichen gastronomischen Angeboten ist Zermatt das perfekte Ziel f\u00fcr Abenteurer und Erholungssuchende gleicherma\u00dfen. Mit unserem ...<\/p>","protected":false},"author":1,"featured_media":0,"parent":0,"menu_order":1,"comment_status":"closed","ping_status":"closed","template":"template-fullwidth.php","meta":{"cozystay_single_page_hide_site_header":"","cozystay_single_page_site_header_source":"","cozystay_single_page_custom_site_header":"0","cozystay_single_page_custom_sticky_site_header":"0","cozystay_single_page_hide_page_title":"on","cozystay_single_page_header_section_size":"","cozystay_single_page_header_background_color":"","cozystay_single_page_header_background_position_x":"center","cozystay_single_page_header_background_position_y":"center","cozystay_single_page_header_background_size":"cover","cozystay_single_page_header_background_repeat":"off","cozystay_single_page_header_background_scroll":"on","cozystay_single_page_header_text_color":"","cozystay_single_page_header_show_breadcrumb":"","cozystay_single_page_site_footer_hide_main":"","cozystay_single_custom_site_footer_main_source":"","cozystay_single_custom_site_footer_main":"0","cozystay_single_page_site_footer_hide_above":"","cozystay_single_custom_site_footer_above_source":"","cozystay_single_custom_site_footer_above":"0","cozystay_single_page_site_footer_hide_instagram":"","cozystay_single_page_site_footer_hide_bottom":"","cozystay_single_custom_mobile_menu_source":"","cozystay_single_custom_mobile_menu":"0","cozystay_single_custom_mobile_menu_animation":"","cozystay_single_custom_mobile_menu_width":"","cozystay_single_custom_mobile_menu_custom_width":375,"footnotes":""},"class_list":["post-2492","page","type-page","status-publish","hentry"],"yoast_head":"<!-- This site is optimized with the Yoast SEO plugin v27.4 - https:\/\/yoast.com\/product\/yoast-seo-wordpress\/ -->\n<title>Our accomodations in Zermatt | your dream holidays in swiss alps<\/title>\n<meta name=\"description\" content=\"Our various apartments offer families, friends, groups or couples everything they need for an unforgettable stay in Zermatt. Discover now!\" \/>\n<meta name=\"robots\" content=\"index, follow, max-snippet:-1, max-image-preview:large, max-video-preview:-1\" \/>\n<link rel=\"canonical\" href=\"https:\/\/stay-zermatt.ch\/de\/\" \/>\n<meta property=\"og:locale\" content=\"de_DE\" \/>\n<meta property=\"og:type\" content=\"article\" \/>\n<meta property=\"og:title\" content=\"Our accomodations in Zermatt | your dream holidays in swiss alps\" \/>\n<meta property=\"og:description\" content=\"Our various apartments offer families, friends, groups or couples everything they need for an unforgettable stay in Zermatt. Discover now!\" \/>\n<meta property=\"og:url\" content=\"https:\/\/stay-zermatt.ch\/de\/\" \/>\n<meta property=\"og:site_name\" content=\"Accomodations in Zermatt\" \/>\n<meta property=\"article:modified_time\" content=\"2026-03-15T22:32:25+00:00\" \/>\n<meta property=\"og:image\" content=\"https:\/\/stay-zermatt.ch\/wp-content\/uploads\/2024\/10\/Chalet-Turquino-Zermatt-scaled.jpg\" \/>\n\t<meta property=\"og:image:width\" content=\"1829\" \/>\n\t<meta property=\"og:image:height\" content=\"2560\" \/>\n\t<meta property=\"og:image:type\" content=\"image\/jpeg\" \/>\n<meta name=\"twitter:card\" content=\"summary_large_image\" \/>\n<meta name=\"twitter:label1\" content=\"Gesch\u00e4tzte Lesezeit\" \/>\n\t<meta name=\"twitter:data1\" content=\"10\u00a0Minuten\" \/>\n<script type=\"application\/ld+json\" class=\"yoast-schema-graph\">{\"@context\":\"https:\\\/\\\/schema.org\",\"@graph\":[{\"@type\":\"WebPage\",\"@id\":\"https:\\\/\\\/stay-zermatt.ch\\\/\",\"url\":\"https:\\\/\\\/stay-zermatt.ch\\\/\",\"name\":\"Our accomodations in Zermatt | your dream holidays in swiss alps\",\"isPartOf\":{\"@id\":\"https:\\\/\\\/stay-zermatt.ch\\\/#website\"},\"primaryImageOfPage\":{\"@id\":\"https:\\\/\\\/stay-zermatt.ch\\\/#primaryimage\"},\"image\":{\"@id\":\"https:\\\/\\\/stay-zermatt.ch\\\/#primaryimage\"},\"thumbnailUrl\":\"https:\\\/\\\/stay-zermatt.ch\\\/wp-content\\\/uploads\\\/2024\\\/10\\\/Chalet-Turquino-Zermatt-scaled.jpg\",\"datePublished\":\"2023-04-24T04:43:23+00:00\",\"dateModified\":\"2026-03-15T22:32:25+00:00\",\"description\":\"Our various apartments offer families, friends, groups or couples everything they need for an unforgettable stay in Zermatt. Discover now!\",\"breadcrumb\":{\"@id\":\"https:\\\/\\\/stay-zermatt.ch\\\/#breadcrumb\"},\"inLanguage\":\"de-CH\",\"potentialAction\":[{\"@type\":\"ReadAction\",\"target\":[\"https:\\\/\\\/stay-zermatt.ch\\\/\"]}]},{\"@type\":\"ImageObject\",\"inLanguage\":\"de-CH\",\"@id\":\"https:\\\/\\\/stay-zermatt.ch\\\/#primaryimage\",\"url\":\"https:\\\/\\\/stay-zermatt.ch\\\/wp-content\\\/uploads\\\/2024\\\/10\\\/Chalet-Turquino-Zermatt-scaled.jpg\",\"contentUrl\":\"https:\\\/\\\/stay-zermatt.ch\\\/wp-content\\\/uploads\\\/2024\\\/10\\\/Chalet-Turquino-Zermatt-scaled.jpg\"},{\"@type\":\"BreadcrumbList\",\"@id\":\"https:\\\/\\\/stay-zermatt.ch\\\/#breadcrumb\",\"itemListElement\":[{\"@type\":\"ListItem\",\"position\":1,\"name\":\"Home\",\"item\":\"https:\\\/\\\/stay-zermatt.ch\\\/\"},{\"@type\":\"ListItem\",\"position\":2,\"name\":\"Accomodations in Zermatt\"}]},{\"@type\":\"WebSite\",\"@id\":\"https:\\\/\\\/stay-zermatt.ch\\\/#website\",\"url\":\"https:\\\/\\\/stay-zermatt.ch\\\/\",\"name\":\"Accomodations in Zermatt\",\"description\":\"If you\u2019re looking for an unforgettable holiday in the Swiss mountains, a place to stay in Zermatt is the perfect starting point. With our selection of accommodation options, we offer you everything you need for an unforgettable stay. Whether you\u2019re planning a romantic weekend, a family holiday or an adventure trip with friends, you\u2019ll find the ideal option with us.\",\"publisher\":{\"@id\":\"https:\\\/\\\/stay-zermatt.ch\\\/#organization\"},\"potentialAction\":[{\"@type\":\"SearchAction\",\"target\":{\"@type\":\"EntryPoint\",\"urlTemplate\":\"https:\\\/\\\/stay-zermatt.ch\\\/?s={search_term_string}\"},\"query-input\":{\"@type\":\"PropertyValueSpecification\",\"valueRequired\":true,\"valueName\":\"search_term_string\"}}],\"inLanguage\":\"de-CH\"},{\"@type\":\"Organization\",\"@id\":\"https:\\\/\\\/stay-zermatt.ch\\\/#organization\",\"name\":\"Accomodations in Zermatt\",\"url\":\"https:\\\/\\\/stay-zermatt.ch\\\/\",\"logo\":{\"@type\":\"ImageObject\",\"inLanguage\":\"de-CH\",\"@id\":\"https:\\\/\\\/stay-zermatt.ch\\\/#\\\/schema\\\/logo\\\/image\\\/\",\"url\":\"https:\\\/\\\/stay-zermatt.ch\\\/wp-content\\\/uploads\\\/2026\\\/02\\\/Favicon-Stay-Zermatt-512x512-1.png\",\"contentUrl\":\"https:\\\/\\\/stay-zermatt.ch\\\/wp-content\\\/uploads\\\/2026\\\/02\\\/Favicon-Stay-Zermatt-512x512-1.png\",\"width\":512,\"height\":512,\"caption\":\"Accomodations in Zermatt\"},\"image\":{\"@id\":\"https:\\\/\\\/stay-zermatt.ch\\\/#\\\/schema\\\/logo\\\/image\\\/\"}}]}<\/script>\n<!-- \/ Yoast SEO plugin. -->","yoast_head_json":{"title":"Unsere Unterk\u00fcnfte in Zermatt | Ihre Traumferien in den Schweizer Alpen","description":"Unsere verschiedenen Wohnungen bieten Familien, Freunden, Gruppen oder Paaren alles, was sie f\u00fcr einen unvergesslichen Aufenthalt in Zermatt brauchen. Jetzt entdecken!","robots":{"index":"index","follow":"follow","max-snippet":"max-snippet:-1","max-image-preview":"max-image-preview:large","max-video-preview":"max-video-preview:-1"},"canonical":"https:\/\/stay-zermatt.ch\/de\/","og_locale":"de_DE","og_type":"article","og_title":"Our accomodations in Zermatt | your dream holidays in swiss alps","og_description":"Our various apartments offer families, friends, groups or couples everything they need for an unforgettable stay in Zermatt. Discover now!","og_url":"https:\/\/stay-zermatt.ch\/de\/","og_site_name":"Accomodations in Zermatt","article_modified_time":"2026-03-15T22:32:25+00:00","og_image":[{"width":1829,"height":2560,"url":"https:\/\/stay-zermatt.ch\/wp-content\/uploads\/2024\/10\/Chalet-Turquino-Zermatt-scaled.jpg","type":"image\/jpeg"}],"twitter_card":"summary_large_image","twitter_misc":{"Gesch\u00e4tzte Lesezeit":"10\u00a0Minuten"},"schema":{"@context":"https:\/\/schema.org","@graph":[{"@type":"WebPage","@id":"https:\/\/stay-zermatt.ch\/","url":"https:\/\/stay-zermatt.ch\/","name":"Unsere Unterk\u00fcnfte in Zermatt | Ihre Traumferien in den Schweizer Alpen","isPartOf":{"@id":"https:\/\/stay-zermatt.ch\/#website"},"primaryImageOfPage":{"@id":"https:\/\/stay-zermatt.ch\/#primaryimage"},"image":{"@id":"https:\/\/stay-zermatt.ch\/#primaryimage"},"thumbnailUrl":"https:\/\/stay-zermatt.ch\/wp-content\/uploads\/2024\/10\/Chalet-Turquino-Zermatt-scaled.jpg","datePublished":"2023-04-24T04:43:23+00:00","dateModified":"2026-03-15T22:32:25+00:00","description":"Unsere verschiedenen Wohnungen bieten Familien, Freunden, Gruppen oder Paaren alles, was sie f\u00fcr einen unvergesslichen Aufenthalt in Zermatt brauchen. Jetzt entdecken!","breadcrumb":{"@id":"https:\/\/stay-zermatt.ch\/#breadcrumb"},"inLanguage":"de-CH","potentialAction":[{"@type":"ReadAction","target":["https:\/\/stay-zermatt.ch\/"]}]},{"@type":"ImageObject","inLanguage":"de-CH","@id":"https:\/\/stay-zermatt.ch\/#primaryimage","url":"https:\/\/stay-zermatt.ch\/wp-content\/uploads\/2024\/10\/Chalet-Turquino-Zermatt-scaled.jpg","contentUrl":"https:\/\/stay-zermatt.ch\/wp-content\/uploads\/2024\/10\/Chalet-Turquino-Zermatt-scaled.jpg"},{"@type":"BreadcrumbList","@id":"https:\/\/stay-zermatt.ch\/#breadcrumb","itemListElement":[{"@type":"ListItem","position":1,"name":"Home","item":"https:\/\/stay-zermatt.ch\/"},{"@type":"ListItem","position":2,"name":"Accomodations in Zermatt"}]},{"@type":"WebSite","@id":"https:\/\/stay-zermatt.ch\/#website","url":"https:\/\/stay-zermatt.ch\/","name":"\u00dcbernachtungen in Zermatt","description":"Wenn Sie auf der Suche nach einem unvergesslichen Urlaub in den Schweizer Bergen sind, ist eine Unterkunft in Zermatt der perfekte Ausgangspunkt. Mit unserer Auswahl an Unterkunftsm\u00f6glichkeiten bieten wir Ihnen alles, was Sie f\u00fcr einen unvergesslichen Aufenthalt ben\u00f6tigen. Ob Sie ein romantisches Wochenende, einen Familienurlaub oder einen Abenteuertrip mit Freunden planen, bei uns finden Sie die ideale Option.","publisher":{"@id":"https:\/\/stay-zermatt.ch\/#organization"},"potentialAction":[{"@type":"SearchAction","target":{"@type":"EntryPoint","urlTemplate":"https:\/\/stay-zermatt.ch\/?s={search_term_string}"},"query-input":{"@type":"PropertyValueSpecification","valueRequired":true,"valueName":"search_term_string"}}],"inLanguage":"de-CH"},{"@type":"Organization","@id":"https:\/\/stay-zermatt.ch\/#organization","name":"\u00dcbernachtungen in Zermatt","url":"https:\/\/stay-zermatt.ch\/","logo":{"@type":"ImageObject","inLanguage":"de-CH","@id":"https:\/\/stay-zermatt.ch\/#\/schema\/logo\/image\/","url":"https:\/\/stay-zermatt.ch\/wp-content\/uploads\/2026\/02\/Favicon-Stay-Zermatt-512x512-1.png","contentUrl":"https:\/\/stay-zermatt.ch\/wp-content\/uploads\/2026\/02\/Favicon-Stay-Zermatt-512x512-1.png","width":512,"height":512,"caption":"Accomodations in Zermatt"},"image":{"@id":"https:\/\/stay-zermatt.ch\/#\/schema\/logo\/image\/"}}]}},"_links":{"self":[{"href":"https:\/\/stay-zermatt.ch\/de\/wp-json\/wp\/v2\/pages\/2492","targetHints":{"allow":["GET"]}}],"collection":[{"href":"https:\/\/stay-zermatt.ch\/de\/wp-json\/wp\/v2\/pages"}],"about":[{"href":"https:\/\/stay-zermatt.ch\/de\/wp-json\/wp\/v2\/types\/page"}],"author":[{"embeddable":true,"href":"https:\/\/stay-zermatt.ch\/de\/wp-json\/wp\/v2\/users\/1"}],"replies":[{"embeddable":true,"href":"https:\/\/stay-zermatt.ch\/de\/wp-json\/wp\/v2\/comments?post=2492"}],"version-history":[{"count":819,"href":"https:\/\/stay-zermatt.ch\/de\/wp-json\/wp\/v2\/pages\/2492\/revisions"}],"predecessor-version":[{"id":5106,"href":"https:\/\/stay-zermatt.ch\/de\/wp-json\/wp\/v2\/pages\/2492\/revisions\/5106"}],"wp:attachment":[{"href":"https:\/\/stay-zermatt.ch\/de\/wp-json\/wp\/v2\/media?parent=2492"}],"curies":[{"name":"wp","href":"https:\/\/api.w.org\/{rel}","templated":true}]}}